{"id":131,"date":"2019-05-04T00:01:53","date_gmt":"2019-05-03T22:01:53","guid":{"rendered":"podlove-2018-07-24t07:29:19+00:00-1a29c59b8609ca4"},"modified":"2022-07-19T12:31:25","modified_gmt":"2022-07-19T10:31:25","slug":"mm009-benjamin-eberling","status":"publish","type":"podcast","link":"https:\/\/martinalechner.at\/musicalundmehr\/mm009-benjamin-eberling\/","title":{"rendered":"MM009 Benjamin Eberling"},"content":{"rendered":"<h3><b>Becoming Benjamin Eberling - Musical auf den Sieben Weltmeeren<\/b><\/h3>\n<br\/>\t\t\n            <div class=\"podlove-web-player intrinsic-ignore podlove-web-player-loading\" id=\"player-69f20df6d1181\"><root data-test=\"player--xl\" style=\"max-width:950px;min-width:260px;\">\n  <div class=\"tablet:px-6 tablet:pt-6 mobile:px-4 mobile:pt-4 flex flex-col\">\n    <div class=\"flex-col items-center mobile:flex tablet:hidden\">\n      <show-title class=\"text-sm\"><\/show-title>\n      <episode-title class=\"text-base mb-2\"><\/episode-title>\n      <subscribe-button class=\"mb-4 mobile:flex tablet:hidden\"><\/subscribe-button>\n      <poster class=\"rounded-sm w-48 shadow overflow-hidden\"><\/poster>\n      <divider class=\"w-full my-6\"><\/divider>\n    <\/div>\n\n    <div class=\"tablet:flex flex-grow\">\n      <div class=\"w-64 mobile:hidden tablet:block tablet:mr-6\">\n        <poster class=\"rounded-sm shadow overflow-hidden\"><\/poster>\n      <\/div>\n      <div class=\"w-full\">\n        <div class=\"hidden tablet:block\">\n          <show-title class=\"text-base\"><\/show-title>\n          <episode-title class=\"text-xl desktop:text-2xl\"><\/episode-title>\n          <divider class=\"w-full my-4\"><\/divider>\n        <\/div>\n        <div class=\"flex items-center justify-between\">\n          <div class=\"block\">\n            <play-state on=\"active\">\n              <speed-control class=\"flex items-center\"><\/speed-control>\n            <\/play-state>\n          <\/div>\n\n          <div class=\"flex\">\n            <play-state on=\"active\">\n              <chapter-previous class=\"mx-2 block\"><\/chapter-previous>\n            <\/play-state>\n            <play-state on=\"active\">\n              <step-backward class=\"mx-2 block\"><\/step-backward>\n            <\/play-state>\n\n            <play-button class=\"mx-2 block\" :label=\"$t('PLAYER.PLAY_EPISODE')\"><\/play-button>\n\n            <play-state on=\"active\">\n              <step-forward class=\"mx-2 block\"><\/step-forward>\n            <\/play-state>\n            <play-state on=\"active\">\n              <chapter-next class=\"mx-2 block\"><\/chapter-next>\n            <\/play-state>\n          <\/div>\n\n          <div class=\"block\">\n            <play-state on=\"active\">\n              <volume-control class=\"flex items-center\"><\/volume-control>\n            <\/play-state>\n          <\/div>\n        <\/div>\n        <div class=\"flex w-full\">\n          <progress-bar><\/progress-bar>\n        <\/div>\n        <div class=\"flex w-full -mt-2\">\n          <div class=\"w-3\/12 text-left\">\n            <timer-current class=\"text-sm\"><\/timer-current>\n          <\/div>\n          <div class=\"w-6\/12 text-center truncate\">\n            <play-state on=\"active\">\n              <current-chapter class=\"text-sm\"><\/current-chapter>\n            <\/play-state>\n          <\/div>\n          <div class=\"w-3\/12 text-right\">\n            <timer-duration class=\"text-sm\"><\/timer-duration>\n          <\/div>\n        <\/div>\n      <\/div>\n    <\/div>\n    <divider class=\"w-full mt-6 mb-3\"><\/divider>\n    <div class=\"flex justify-between\">\n      <div class=\"flex mobile:w-full tablet:w-3\/12 desktop:w-3\/12 justify-between\">\n        <tab-trigger tab=\"chapters\">\n          <icon type=\"chapter\"><\/icon>\n        <\/tab-trigger>\n        <tab-trigger tab=\"transcripts\">\n          <icon type=\"transcripts\"><\/icon>\n        <\/tab-trigger>\n        <tab-trigger tab=\"files\">\n          <icon type=\"download\"><\/icon>\n        <\/tab-trigger>\n        <tab-trigger tab=\"playlist\">\n          <icon type=\"playlist\"><\/icon>\n        <\/tab-trigger>\n        <tab-trigger tab=\"share\">\n          <icon type=\"share\"><\/icon>\n        <\/tab-trigger>\n      <\/div>\n      <subscribe-button class=\"mt-1 mobile:hidden tablet:flex\"><\/subscribe-button>\n    <\/div>\n  <\/div>\n  <div class=\"w-full relative overflow-hidden\">\n    <tab name=\"chapters\">\n      <tab-chapters><\/tab-chapters>\n    <\/tab>\n    <tab name=\"transcripts\">\n      <tab-transcripts><\/tab-transcripts>\n    <\/tab>\n    <tab name=\"files\">\n      <tab-files><\/tab-files>\n    <\/tab>\n    <tab name=\"playlist\">\n      <tab-playlist><\/tab-playlist>\n    <\/tab>\n    <tab name=\"share\">\n      <tab-share><\/tab-share>\n    <\/tab>\n    <tab-overflow><\/tab-overflow>\n  <\/div>\n  <error><\/error>\n<\/root>\n<\/div>\n            <script>\n              document.addEventListener(\"DOMContentLoaded\", function() {\n                var player = document.getElementById(\"player-69f20df6d1181\");\n                podlovePlayerCache.add([{\"url\":\"https:\\\/\\\/martinalechner.at\\\/musicalundmehr\\\/wp-json\\\/podlove-web-player\\\/shortcode\\\/publisher\\\/131\",\"data\":{\"version\":5,\"show\":{\"title\":\"Musical & mehr ...\",\"subtitle\":\"Gute Darsteller, gute Menschen, gute Gr\\u00fcnde! Gespr\\u00e4che mit K\\u00fcnstlern aus der Welt des Musicals!\",\"summary\":\"Musicaldarstellerin Martina Lechner hat sich f\\u00fcr die erste Staffel ihres Musicalpodcast \\u2013 Projekts mit 12 Kollegen zum Gespr\\u00e4ch getroffen, um zu erfahren, wie diese ihren Weg auf die B\\u00fchne gefunden haben. Alle 12 sind aus zahlreichen deutschsprachigen Stadt- und Stage Entertainment Theatern bekannt, aber nicht nur das - sie alle haben ein ganz besonderes Thema, Projekt, oder eine Passion, die sie gerne mit ihren H\\u00f6rern teilen wollen.\",\"poster\":\"https:\\\/\\\/martinalechner.at\\\/musicalundmehr\\\/wp-content\\\/uploads\\\/sites\\\/2\\\/2019\\\/12\\\/Logo_2.png\",\"link\":\"https:\\\/\\\/martinalechner.at\\\/musicalundmehr\"},\"title\":\"MM009 Benjamin Eberling\",\"subtitle\":\"Becoming Benjamin Eberling - Musical auf den Sieben Weltmeeren\",\"summary\":\"\",\"publicationDate\":\"2019-05-04T00:01:53+02:00\",\"duration\":\"01:11:00.490\",\"poster\":\"https:\\\/\\\/martinalechner.at\\\/musicalundmehr\\\/wp-content\\\/uploads\\\/sites\\\/2\\\/2018\\\/07\\\/BenjaminEberling.jpg\",\"link\":\"https:\\\/\\\/martinalechner.at\\\/musicalundmehr\\\/mm009-benjamin-eberling\\\/\",\"chapters\":[{\"start\":\"00:00:00.000\",\"title\":\"Intro\",\"href\":\"\",\"image\":\"\"},{\"start\":\"00:02:18.000\",\"title\":\"Hey Schwester!\",\"href\":\"\",\"image\":\"\"},{\"start\":\"00:09:04.000\",\"title\":\"S\\u00e4ngerwunderknabe\",\"href\":\"\",\"image\":\"\"},{\"start\":\"00:23:11.000\",\"title\":\"Alles auf Anfang\",\"href\":\"\",\"image\":\"\"},{\"start\":\"00:30:30.000\",\"title\":\"Schiff, ahoi!\",\"href\":\"\",\"image\":\"\"},{\"start\":\"00:36:26.000\",\"title\":\"Schwerpunkt\",\"href\":\"\",\"image\":\"\"},{\"start\":\"00:50:04.000\",\"title\":\"Reine Typsache\",\"href\":\"\",\"image\":\"\"},{\"start\":\"00:54:50.000\",\"title\":\"Akzeptanz\",\"href\":\"\",\"image\":\"\"},{\"start\":\"00:59:09.000\",\"title\":\"4 Fragen zum Schluss\",\"href\":\"\",\"image\":\"\"},{\"start\":\"01:09:30.000\",\"title\":\"Epilog\",\"href\":\"\",\"image\":\"\"}],\"audio\":[{\"url\":\"https:\\\/\\\/martinalechner.at\\\/musicalundmehr\\\/podlove\\\/file\\\/80\\\/s\\\/webplayer\\\/c\\\/website\\\/MM009-benjamin-eberling.m4a\",\"size\":\"105737121\",\"title\":\"MPEG-4 AAC Audio (m4a)\",\"mimeType\":\"audio\\\/mp4\"},{\"url\":\"https:\\\/\\\/martinalechner.at\\\/musicalundmehr\\\/podlove\\\/file\\\/58\\\/s\\\/webplayer\\\/c\\\/website\\\/MM009-benjamin-eberling.mp3\",\"size\":\"102463763\",\"title\":\"MP3 Audio (mp3)\",\"mimeType\":\"audio\\\/mpeg\"}],\"files\":[{\"url\":\"https:\\\/\\\/martinalechner.at\\\/musicalundmehr\\\/podlove\\\/file\\\/58\\\/s\\\/webplayer\\\/MM009-benjamin-eberling.mp3\",\"size\":\"102463763\",\"title\":\"MP3 Audio\",\"mimeType\":\"audio\\\/mpeg\"},{\"url\":\"https:\\\/\\\/martinalechner.at\\\/musicalundmehr\\\/podlove\\\/file\\\/80\\\/s\\\/webplayer\\\/MM009-benjamin-eberling.m4a\",\"size\":\"105737121\",\"title\":\"MPEG-4 AAC Audio\",\"mimeType\":\"audio\\\/mp4\"},{\"url\":\"https:\\\/\\\/martinalechner.at\\\/musicalundmehr\\\/podlove\\\/file\\\/97\\\/s\\\/webplayer\\\/MM009-benjamin-eberling.jpg\",\"size\":\"654549\",\"title\":\"JPEG Image\",\"mimeType\":\"image\\\/jpeg\"}],\"contributors\":[{\"id\":\"4\",\"name\":\"Martina Lechner\",\"avatar\":\"https:\\\/\\\/martinalechner.at\\\/musicalundmehr\\\/wp-content\\\/uploads\\\/sites\\\/2\\\/2018\\\/08\\\/IMG_20180809_224150-1-e1541459138853.jpg\",\"role\":{\"id\":\"1\",\"slug\":\"moderation\",\"title\":\"Moderation\"},\"group\":{\"id\":\"1\",\"slug\":\"onair\",\"title\":\"On Air\"},\"comment\":null},{\"id\":\"13\",\"name\":\"Benjamin Eberling\",\"avatar\":\"https:\\\/\\\/martinalechner.at\\\/musicalundmehr\\\/wp-content\\\/uploads\\\/sites\\\/2\\\/2018\\\/08\\\/IMG_20180710_201750-e1541460312696.jpg\",\"role\":{\"id\":\"1\",\"slug\":\"moderation\",\"title\":\"Moderation\"},\"group\":{\"id\":\"1\",\"slug\":\"onair\",\"title\":\"On Air\"},\"comment\":null}]}}, {\"url\":\"https:\\\/\\\/martinalechner.at\\\/musicalundmehr\\\/wp-json\\\/podlove-web-player\\\/shortcode\\\/config\\\/default\\\/theme\\\/default\",\"data\":{\"activeTab\":\"chapters\",\"subscribe-button\":null,\"share\":{\"channels\":[\"facebook\",\"twitter\",\"whats-app\",\"linkedin\",\"pinterest\",\"xing\",\"mail\",\"link\"],\"outlet\":\"https:\\\/\\\/martinalechner.at\\\/musicalundmehr\\\/wp-content\\\/plugins\\\/podlove-web-player\\\/web-player\\\/share.html\",\"sharePlaytime\":true},\"related-episodes\":{\"source\":\"disabled\",\"value\":null},\"version\":5,\"theme\":{\"tokens\":{\"brand\":\"#E64415\",\"brandDark\":\"#235973\",\"brandDarkest\":\"#1A3A4A\",\"brandLightest\":\"#E9F1F5\",\"shadeDark\":\"#807E7C\",\"shadeBase\":\"#807E7C\",\"contrast\":\"#000\",\"alt\":\"#fff\"},\"fonts\":{\"ci\":{\"name\":\"ci\",\"family\":[\"-apple-system\",\"BlinkMacSystemFont\",\"Segoe UI\",\"Roboto\",\"Helvetica\",\"Arial\",\"sans-serif\",\"Apple Color Emoji\",\"Segoe UI Emoji\\\", \\\"Segoe UI Symbol\"],\"src\":[],\"weight\":800},\"regular\":{\"name\":\"regular\",\"family\":[\"-apple-system\",\"BlinkMacSystemFont\",\"Segoe UI\",\"Roboto\",\"Helvetica\",\"Arial\",\"sans-serif\",\"Apple Color Emoji\",\"Segoe UI Emoji\\\", \\\"Segoe UI Symbol\"],\"src\":[],\"weight\":300},\"bold\":{\"name\":\"bold\",\"family\":[\"-apple-system\",\"BlinkMacSystemFont\",\"Segoe UI\",\"Roboto\",\"Helvetica\",\"Arial\",\"sans-serif\",\"Apple Color Emoji\",\"Segoe UI Emoji\\\", \\\"Segoe UI Symbol\"],\"src\":[],\"weight\":700}}},\"base\":\"https:\\\/\\\/martinalechner.at\\\/musicalundmehr\\\/wp-content\\\/plugins\\\/podlove-web-player\\\/web-player\\\/\"}}]);\n                podlovePlayer(player, \"https:\/\/martinalechner.at\/musicalundmehr\/wp-json\/podlove-web-player\/shortcode\/publisher\/131\", \"https:\/\/martinalechner.at\/musicalundmehr\/wp-json\/podlove-web-player\/shortcode\/config\/default\/theme\/default\").then(function() {\n                  player && player.classList.remove(\"podlove-web-player-loading\");\n                });\n              });\n            <\/script>\n            <style>\n              .podlove-web-player.podlove-web-player-loading {\n                opacity: 0;\n              }\n            <\/style>\n        \n    <div>\n        \n    <\/div>\n        \t            <div style=\"clear: both; padding-top: 50px\">\n            <h4><b>Mitwirkende<\/b><\/h4>\n            \n\n\t<div class=\"podlove-contributors-cards\">\n\t\t\t\t\t\n\t\t\t\t<div class=\"podlove-contributors-card\">\n\t\t\t\t\t<div class=\"podlove-contributors-card-inner\">\n\t\t\t\t\t\t<div class=\"podlove-contributors-card-avatar\">\n\t\t\t\t\t\t\t\n<img loading=\"lazy\" decoding=\"async\" alt=\"avatar\" width=\"50\" height=\"50\" src=\"https:\/\/martinalechner.at\/musicalundmehr\/wp-content\/uploads\/sites\/2\/2018\/08\/IMG_20180809_224150-1-e1541459138853.jpg\"\/>\n\n\t\t\t\t\t\t<\/div>\n\t\t\t\t\t\t<div class=\"podlove-contributors-card-person\">\n\t\t\t\t\t\t\t<div style=\"align-self: center\">\n\t\t\t\t\t\t\t\t<div style=\"font-weight: 400;\">Martina Lechner<\/div>\n\t\t\t\t\t\t\t\t\t\t\t\t\t\t\t<\/div>\n\t\t\t\t\t\t\t<div class=\"podlove-contributors-card-services\">\n\t\t\t\t\t\t\t\t\t\t\t\t\t\t\t\t\t<a class=\"podlove-contributors-card-services-service\" target=\"_blank\" title=\"Instagram\" href=\"https:\/\/instagram.com\/musicalundmehr\">\n\t\t\t\t\t\t\t\t\t\t\n<img decoding=\"async\" alt=\"Instagram Icon\" width=\"20\" src=\"https:\/\/martinalechner.at\/musicalundmehr\/wp-content\/plugins\/podlove-podcasting-plugin-for-wordpress\/lib\/modules\/social\/images\/icons\/instagram.png\"\/>\n\n\t\t\t\t\t\t\t\t\t<\/a>\n\t\t\t\t\t\t\t\t\t\t\t\t\t\t\t\t\t<a class=\"podlove-contributors-card-services-service\" target=\"_blank\" title=\"Facebook\" href=\"https:\/\/facebook.com\/martina.lechner.96\">\n\t\t\t\t\t\t\t\t\t\t\n<img decoding=\"async\" alt=\"Facebook Icon\" width=\"20\" src=\"https:\/\/martinalechner.at\/musicalundmehr\/wp-content\/plugins\/podlove-podcasting-plugin-for-wordpress\/lib\/modules\/social\/images\/icons\/facebook.png\"\/>\n\n\t\t\t\t\t\t\t\t\t<\/a>\n\t\t\t\t\t\t\t\t\t\t\t\t\t\t\t\t\t<a class=\"podlove-contributors-card-services-service\" target=\"_blank\" title=\"Soundcloud\" href=\"https:\/\/soundcloud.com\/user-195397528\">\n\t\t\t\t\t\t\t\t\t\t\n<img decoding=\"async\" alt=\"Soundcloud Icon\" width=\"20\" src=\"https:\/\/martinalechner.at\/musicalundmehr\/wp-content\/plugins\/podlove-podcasting-plugin-for-wordpress\/lib\/modules\/social\/images\/icons\/soundcloud.png\"\/>\n\n\t\t\t\t\t\t\t\t\t<\/a>\n\t\t\t\t\t\t\t\t\t\t\t\t\t\t\t\t\t<a class=\"podlove-contributors-card-services-service\" target=\"_blank\" title=\"YouTube (Channel)\" href=\"https:\/\/www.youtube.com\/channel\/UCHwMZXpj3BYfi_1ciJ13dxw\">\n\t\t\t\t\t\t\t\t\t\t\n<img decoding=\"async\" alt=\"YouTube (Channel) Icon\" width=\"20\" src=\"https:\/\/martinalechner.at\/musicalundmehr\/wp-content\/plugins\/podlove-podcasting-plugin-for-wordpress\/lib\/modules\/social\/images\/icons\/youtube.png\"\/>\n\n\t\t\t\t\t\t\t\t\t<\/a>\n\t\t\t\t\t\t\t\t\t\t\t\t\t\t\t\t\t\t\t\t\t\t\t<\/div>\n\t\t\t\t\t\t<\/div>\n\t\t\t\t\t<\/div>\n\t\t\t\t<\/div>\n\n\t\t\t\t\t\t\t\t\n\t\t\t\t<div class=\"podlove-contributors-card\">\n\t\t\t\t\t<div class=\"podlove-contributors-card-inner\">\n\t\t\t\t\t\t<div class=\"podlove-contributors-card-avatar\">\n\t\t\t\t\t\t\t\n<img loading=\"lazy\" decoding=\"async\" alt=\"avatar\" width=\"50\" height=\"50\" src=\"https:\/\/martinalechner.at\/musicalundmehr\/wp-content\/uploads\/sites\/2\/2018\/08\/IMG_20180710_201750-e1541460312696.jpg\"\/>\n\n\t\t\t\t\t\t<\/div>\n\t\t\t\t\t\t<div class=\"podlove-contributors-card-person\">\n\t\t\t\t\t\t\t<div style=\"align-self: center\">\n\t\t\t\t\t\t\t\t<div style=\"font-weight: 400;\">Benjamin Eberling<\/div>\n\t\t\t\t\t\t\t\t\t\t\t\t\t\t\t<\/div>\n\t\t\t\t\t\t\t<div class=\"podlove-contributors-card-services\">\n\t\t\t\t\t\t\t\t\t\t\t\t\t\t\t\t\t<a class=\"podlove-contributors-card-services-service\" target=\"_blank\" title=\"Website\" href=\"http:\/\/www.benjamin-eberling.de\">\n\t\t\t\t\t\t\t\t\t\t\n<img decoding=\"async\" alt=\"Website Icon\" width=\"20\" src=\"https:\/\/martinalechner.at\/musicalundmehr\/wp-content\/plugins\/podlove-podcasting-plugin-for-wordpress\/lib\/modules\/social\/images\/icons\/www.png\"\/>\n\n\t\t\t\t\t\t\t\t\t<\/a>\n\t\t\t\t\t\t\t\t\t\t\t\t\t\t\t\t\t<a class=\"podlove-contributors-card-services-service\" target=\"_blank\" title=\"Instagram\" href=\"https:\/\/instagram.com\/jumpingmusicalbear\">\n\t\t\t\t\t\t\t\t\t\t\n<img decoding=\"async\" alt=\"Instagram Icon\" width=\"20\" src=\"https:\/\/martinalechner.at\/musicalundmehr\/wp-content\/plugins\/podlove-podcasting-plugin-for-wordpress\/lib\/modules\/social\/images\/icons\/instagram.png\"\/>\n\n\t\t\t\t\t\t\t\t\t<\/a>\n\t\t\t\t\t\t\t\t\t\t\t\t\t\t\t\t\t<a class=\"podlove-contributors-card-services-service\" target=\"_blank\" title=\"Facebook\" href=\"https:\/\/facebook.com\/Benjamin-Eberling-207954205939756\">\n\t\t\t\t\t\t\t\t\t\t\n<img decoding=\"async\" alt=\"Facebook Icon\" width=\"20\" src=\"https:\/\/martinalechner.at\/musicalundmehr\/wp-content\/plugins\/podlove-podcasting-plugin-for-wordpress\/lib\/modules\/social\/images\/icons\/facebook.png\"\/>\n\n\t\t\t\t\t\t\t\t\t<\/a>\n\t\t\t\t\t\t\t\t\t\t\t\t\t\t\t\t\t\t\t\t\t\t\t<\/div>\n\t\t\t\t\t\t<\/div>\n\t\t\t\t\t<\/div>\n\t\t\t\t<\/div>\n\n\t\t\t\t\t\t<\/div>\n\n\t<style>\n\t\t.podlove-contributors-cards {\n\t\t\tmargin-bottom: 1rem;\n\t\t\tbackground: white;\n\t\t\toverflow: hidden;\n\t\t\tborder-radius: 0.375rem;\n\t\t\tbox-shadow: 0 1px 3px 0 rgba(0, 0, 0, 0.1), 0 1px 2px 0 rgba(0, 0, 0, 0.06);\n\t\t}\n\t\t.podlove-contributors-card {\n\t\t\tdisplay: flex;\n\t\t\talign-items: center;\n\t\t\tpadding: 1rem 1.5rem\n\t\t}\n\t\t.podlove-contributors-card-inner {\n\t\t\tdisplay: flex;\n\t\t\talign-items: center;\n\t\t\tflex: 1 1 0;\n\t\t\tmin-width: 0;\n\t\t}\n\t\t.podlove-contributors-card-avatar {\n\t\t\twidth: 50px;\n\t\t\theight: 50px;\n\t\t\tborder-radius: 0.25rem;\n\t\t\toverflow: hidden;\n\t\t\tflex-shrink: 0;\n\t\t}\n\t\t.podlove-contributors-card-person {\n\t\t\tflex: 1 1 0;\n\t\t\tmin-width: 0;\n\t\t\tpadding: 0 1rem;\n\t\t\tdisplay: grid;\n\t\t\tgrid-template-columns: repeat(2, minmax(0, 1fr));\n\t\t\tgap: 1rem;\n\t\t}\n\t\t.podlove-contributors-card-person-details {\n\t\t\tcolor: #999\n\t\t}\n\t\t.podlove-contributors-card-services {\n\t\t\tflex-wrap: wrap;\n\t\t\tdisplay: flex;\n\t\t\talign-items: center;\n\t\t\talign-content: center;\n\t\t\tjustify-content: flex-end;\n\t\t}\n\t\t.podlove-contributors-card-services-service {\n\t\t\tdisplay: inline-block;\n\t\t\tflex-shrink: 0;\n\t\t\tpadding-left: 0.5rem;\n\t\t\ttext-decoration: none;\n\t\t\tbox-shadow: none;\n\t\t}\n\t<\/style>\n\n\n        <\/div>\n    <br\/><h4>Biografie<\/h4>\n<p>Geboren in Marburg an der Lahn und begann Benjamin seine musikalische Ausbildung im Alter von 8 Jahren bei den Limburger Domsingknaben. Nach Abitur und Wehrdienst f\u00fchrte ihn seine Ausbildung nach Berlin, wo er 2006 den Studiengang \u201eMusical\/Show\u201c an der Universit\u00e4t der K\u00fcnste mit Diplom abgeschlossen hat.<\/p>\n<p>Er wirkte in verschiedenen Fernsehproduktionen und Musikvideos mit (zb. \u201eSowieso\u201c Mark Foster) und arbeitet als Synchronsprecher f\u00fcr den RBB in der Erfolgs Kinderserie \u201eDie Moffels\u201c, wo er den Panini spricht und singt. Ebenfalls zu h\u00f6ren in der H\u00f6rspielproduktion \u201eK\u00f6nig der Piraten\u201c als Wutz.<\/p>\n<p>Zu seinen Arbeitspl\u00e4tzen z\u00e4hlen die \u201eHei\u00dfen Ecke\u201c im Hamburger Schmidts Tivoli, wo er u.a als Pitter und G\u00fcnther auf der B\u00fchne zu sehen war und das Tipi Berlin. Im Jahr 2007 spielt er in der Europ\u00e4ischen Erstauff\u00fchrung von William Finns \u201eNervensache\u201c ( A new brain ) den Krankenpfleger Richard am Theater f\u00fcr Niedersachsen, das ihn dann gleich noch als Lank Hawkins im Musical \u201eCrazy for you\u201c verpflichtete. Im Sommer 2008 stand er im Schmidt Theater Hamburg unter der Regie von Corny Littmann in \u201eKaramba, die 70iger Jahre Schlagerrevue\u201c Welt Premiere auf der B\u00fchne, wo er u.a als Hans Rosenthal, Biene Maja uva in Erscheinung trat.<\/p>\n<p>Weitere Produktionen:<br \/>\n\u201eHairspray\u201c im DT M\u00fcnchen &amp; Zeltpalast Merzig u.a Mister Spritzer &amp; Mister Pinkie. \u201eSister Act\u201c erst im Stuttgarter Apollo Theater, und dann im Metronom Theater Oberhausen, wo er als JOEY und Cover Curtis Jackson zu sehen war, Deutsche Erstauff\u00fchrung von \u201eShrek, das Musical\u201c auf der B\u00fchne des Capitol Theaters D\u00fcsseldorf, und danach auf Tour in Berlin ( Admiralspalast ) &amp; M\u00fcnchen ( Kleine Olympiahalle ) als Papa Oger, Papa B\u00e4r, Wache und Drachenspieler, sowie als Cover Shrek, Deutschen Erstauff\u00fchrung von \u201eZorro\u201c mit der Musik der Gypsy Kings in Tecklenburg, als SERGANTO GARCIA ,Andrew Lloyd Webbers \u201eCats\u201c als GUMBIE KATZE, 10 j\u00e4hrigen Jubil\u00e4um von \u201eLetterland\u201c als ERWIN KANNES in der Neuk\u00f6llner Oper Berlin und zu guter Letzt als gefeierter DON in der deutschsprachigen Urauff\u00fchrung von Kinky Boots im Operettenhaus Hamburg.<\/p>\n<h4>Links<\/h4>\n<p><a href=\"http:\/\/www.benjamin-eberling.de\">Homepage<\/a><\/p>\n<h4>Copyrights<\/h4>\n<p>Musik:&nbsp;Latch\u00e9 Swing &#8211; Menilmontant CC BY NC SA<br \/>\nFoto:&nbsp;Andrew Hill<\/p>\n","protected":false},"author":2,"featured_media":0,"comment_status":"closed","ping_status":"closed","template":"","meta":{"footnotes":""},"tags":[],"class_list":["post-131","podcast","type-podcast","status-publish","post"],"_links":{"self":[{"href":"https:\/\/martinalechner.at\/musicalundmehr\/wp-json\/wp\/v2\/episodes\/131","targetHints":{"allow":["GET"]}}],"collection":[{"href":"https:\/\/martinalechner.at\/musicalundmehr\/wp-json\/wp\/v2\/episodes"}],"about":[{"href":"https:\/\/martinalechner.at\/musicalundmehr\/wp-json\/wp\/v2\/types\/podcast"}],"author":[{"embeddable":true,"href":"https:\/\/martinalechner.at\/musicalundmehr\/wp-json\/wp\/v2\/users\/2"}],"replies":[{"embeddable":true,"href":"https:\/\/martinalechner.at\/musicalundmehr\/wp-json\/wp\/v2\/comments?post=131"}],"version-history":[{"count":8,"href":"https:\/\/martinalechner.at\/musicalundmehr\/wp-json\/wp\/v2\/episodes\/131\/revisions"}],"predecessor-version":[{"id":748,"href":"https:\/\/martinalechner.at\/musicalundmehr\/wp-json\/wp\/v2\/episodes\/131\/revisions\/748"}],"wp:attachment":[{"href":"https:\/\/martinalechner.at\/musicalundmehr\/wp-json\/wp\/v2\/media?parent=131"}],"wp:term":[{"taxonomy":"post_tag","embeddable":true,"href":"https:\/\/martinalechner.at\/musicalundmehr\/wp-json\/wp\/v2\/tags?post=131"}],"curies":[{"name":"wp","href":"https:\/\/api.w.org\/{rel}","templated":true}]}}