{"id":141,"date":"2019-07-06T00:01:06","date_gmt":"2019-07-05T22:01:06","guid":{"rendered":"podlove-2018-07-24t07:39:11+00:00-9de791be920dbf9"},"modified":"2019-07-05T21:03:19","modified_gmt":"2019-07-05T19:03:19","slug":"mm011-vladimir-korneev","status":"publish","type":"podcast","link":"https:\/\/martinalechner.at\/musicalundmehr\/mm011-vladimir-korneev\/","title":{"rendered":"MM011 Vladimir Korneev"},"content":{"rendered":"<h3><b>Becoming Vladimir Korneev \u2013 Flucht in die Musik<\/b><\/h3>\n<br\/>\t\t\n            <div class=\"podlove-web-player intrinsic-ignore podlove-web-player-loading\" id=\"player-69f20e3107140\"><root data-test=\"player--xl\" style=\"max-width:950px;min-width:260px;\">\n  <div class=\"tablet:px-6 tablet:pt-6 mobile:px-4 mobile:pt-4 flex flex-col\">\n    <div class=\"flex-col items-center mobile:flex tablet:hidden\">\n      <show-title class=\"text-sm\"><\/show-title>\n      <episode-title class=\"text-base mb-2\"><\/episode-title>\n      <subscribe-button class=\"mb-4 mobile:flex tablet:hidden\"><\/subscribe-button>\n      <poster class=\"rounded-sm w-48 shadow overflow-hidden\"><\/poster>\n      <divider class=\"w-full my-6\"><\/divider>\n    <\/div>\n\n    <div class=\"tablet:flex flex-grow\">\n      <div class=\"w-64 mobile:hidden tablet:block tablet:mr-6\">\n        <poster class=\"rounded-sm shadow overflow-hidden\"><\/poster>\n      <\/div>\n      <div class=\"w-full\">\n        <div class=\"hidden tablet:block\">\n          <show-title class=\"text-base\"><\/show-title>\n          <episode-title class=\"text-xl desktop:text-2xl\"><\/episode-title>\n          <divider class=\"w-full my-4\"><\/divider>\n        <\/div>\n        <div class=\"flex items-center justify-between\">\n          <div class=\"block\">\n            <play-state on=\"active\">\n              <speed-control class=\"flex items-center\"><\/speed-control>\n            <\/play-state>\n          <\/div>\n\n          <div class=\"flex\">\n            <play-state on=\"active\">\n              <chapter-previous class=\"mx-2 block\"><\/chapter-previous>\n            <\/play-state>\n            <play-state on=\"active\">\n              <step-backward class=\"mx-2 block\"><\/step-backward>\n            <\/play-state>\n\n            <play-button class=\"mx-2 block\" :label=\"$t('PLAYER.PLAY_EPISODE')\"><\/play-button>\n\n            <play-state on=\"active\">\n              <step-forward class=\"mx-2 block\"><\/step-forward>\n            <\/play-state>\n            <play-state on=\"active\">\n              <chapter-next class=\"mx-2 block\"><\/chapter-next>\n            <\/play-state>\n          <\/div>\n\n          <div class=\"block\">\n            <play-state on=\"active\">\n              <volume-control class=\"flex items-center\"><\/volume-control>\n            <\/play-state>\n          <\/div>\n        <\/div>\n        <div class=\"flex w-full\">\n          <progress-bar><\/progress-bar>\n        <\/div>\n        <div class=\"flex w-full -mt-2\">\n          <div class=\"w-3\/12 text-left\">\n            <timer-current class=\"text-sm\"><\/timer-current>\n          <\/div>\n          <div class=\"w-6\/12 text-center truncate\">\n            <play-state on=\"active\">\n              <current-chapter class=\"text-sm\"><\/current-chapter>\n            <\/play-state>\n          <\/div>\n          <div class=\"w-3\/12 text-right\">\n            <timer-duration class=\"text-sm\"><\/timer-duration>\n          <\/div>\n        <\/div>\n      <\/div>\n    <\/div>\n    <divider class=\"w-full mt-6 mb-3\"><\/divider>\n    <div class=\"flex justify-between\">\n      <div class=\"flex mobile:w-full tablet:w-3\/12 desktop:w-3\/12 justify-between\">\n        <tab-trigger tab=\"chapters\">\n          <icon type=\"chapter\"><\/icon>\n        <\/tab-trigger>\n        <tab-trigger tab=\"transcripts\">\n          <icon type=\"transcripts\"><\/icon>\n        <\/tab-trigger>\n        <tab-trigger tab=\"files\">\n          <icon type=\"download\"><\/icon>\n        <\/tab-trigger>\n        <tab-trigger tab=\"playlist\">\n          <icon type=\"playlist\"><\/icon>\n        <\/tab-trigger>\n        <tab-trigger tab=\"share\">\n          <icon type=\"share\"><\/icon>\n        <\/tab-trigger>\n      <\/div>\n      <subscribe-button class=\"mt-1 mobile:hidden tablet:flex\"><\/subscribe-button>\n    <\/div>\n  <\/div>\n  <div class=\"w-full relative overflow-hidden\">\n    <tab name=\"chapters\">\n      <tab-chapters><\/tab-chapters>\n    <\/tab>\n    <tab name=\"transcripts\">\n      <tab-transcripts><\/tab-transcripts>\n    <\/tab>\n    <tab name=\"files\">\n      <tab-files><\/tab-files>\n    <\/tab>\n    <tab name=\"playlist\">\n      <tab-playlist><\/tab-playlist>\n    <\/tab>\n    <tab name=\"share\">\n      <tab-share><\/tab-share>\n    <\/tab>\n    <tab-overflow><\/tab-overflow>\n  <\/div>\n  <error><\/error>\n<\/root>\n<\/div>\n            <script>\n              document.addEventListener(\"DOMContentLoaded\", function() {\n                var player = document.getElementById(\"player-69f20e3107140\");\n                podlovePlayerCache.add([{\"url\":\"https:\\\/\\\/martinalechner.at\\\/musicalundmehr\\\/wp-json\\\/podlove-web-player\\\/shortcode\\\/publisher\\\/141\",\"data\":{\"version\":5,\"show\":{\"title\":\"Musical & mehr ...\",\"subtitle\":\"Gute Darsteller, gute Menschen, gute Gr\\u00fcnde! Gespr\\u00e4che mit K\\u00fcnstlern aus der Welt des Musicals!\",\"summary\":\"Musicaldarstellerin Martina Lechner hat sich f\\u00fcr die erste Staffel ihres Musicalpodcast \\u2013 Projekts mit 12 Kollegen zum Gespr\\u00e4ch getroffen, um zu erfahren, wie diese ihren Weg auf die B\\u00fchne gefunden haben. Alle 12 sind aus zahlreichen deutschsprachigen Stadt- und Stage Entertainment Theatern bekannt, aber nicht nur das - sie alle haben ein ganz besonderes Thema, Projekt, oder eine Passion, die sie gerne mit ihren H\\u00f6rern teilen wollen.\",\"poster\":\"https:\\\/\\\/martinalechner.at\\\/musicalundmehr\\\/wp-content\\\/uploads\\\/sites\\\/2\\\/2019\\\/12\\\/Logo_2.png\",\"link\":\"https:\\\/\\\/martinalechner.at\\\/musicalundmehr\"},\"title\":\"MM011 Vladimir Korneev\",\"subtitle\":\"Becoming Vladimir Korneev \\u2013 Flucht in die Musik\",\"summary\":\"\",\"publicationDate\":\"2019-07-06T00:01:06+02:00\",\"duration\":\"01:12:44.774\",\"poster\":\"https:\\\/\\\/martinalechner.at\\\/musicalundmehr\\\/wp-content\\\/uploads\\\/sites\\\/2\\\/2019\\\/06\\\/ed59ac1c-3a13-4983-9423-c2bf0c7b44d0.jpg\",\"link\":\"https:\\\/\\\/martinalechner.at\\\/musicalundmehr\\\/mm011-vladimir-korneev\\\/\",\"chapters\":[{\"start\":\"00:00:00.000\",\"title\":\"Intro\",\"href\":\"\",\"image\":\"\"},{\"start\":\"00:00:55.000\",\"title\":\"Geschwisterliebe\",\"href\":\"\",\"image\":\"\"},{\"start\":\"00:02:45.000\",\"title\":\"Vom Lied\",\"href\":\"\",\"image\":\"\"},{\"start\":\"00:08:33.000\",\"title\":\"Der Soldat am Klavier\",\"href\":\"\",\"image\":\"\"},{\"start\":\"00:12:29.000\",\"title\":\"Nach der Flucht\",\"href\":\"\",\"image\":\"\"},{\"start\":\"00:17:07.000\",\"title\":\"Ein gro\\u00dfes Geschenk\",\"href\":\"\",\"image\":\"\"},{\"start\":\"00:20:47.000\",\"title\":\"Die gel\\u00f6ste Zunge\",\"href\":\"\",\"image\":\"\"},{\"start\":\"00:26:16.000\",\"title\":\"B\\u00fchnenluft\",\"href\":\"\",\"image\":\"\"},{\"start\":\"00:31:59.000\",\"title\":\"Ein Genre - alle M\\u00f6glichkeiten\",\"href\":\"\",\"image\":\"\"},{\"start\":\"00:37:53.000\",\"title\":\"Pers\\u00f6nlichkeit oder Gef\\u00e4lligkeit\",\"href\":\"\",\"image\":\"\"},{\"start\":\"00:41:59.000\",\"title\":\"Eigene Wege\",\"href\":\"\",\"image\":\"\"},{\"start\":\"00:47:37.000\",\"title\":\"Lied, Kamera, Action!\",\"href\":\"\",\"image\":\"\"},{\"start\":\"00:55:54.000\",\"title\":\"Die eigene Note\",\"href\":\"\",\"image\":\"\"},{\"start\":\"00:59:44.000\",\"title\":\"Meinen\",\"href\":\"\",\"image\":\"\"},{\"start\":\"01:05:59.000\",\"title\":\"Darum\",\"href\":\"\",\"image\":\"\"},{\"start\":\"01:09:03.000\",\"title\":\"4 Fragen zum Schluss\",\"href\":\"\",\"image\":\"\"},{\"start\":\"01:11:33.000\",\"title\":\"Epilog\",\"href\":\"\",\"image\":\"\"}],\"audio\":[{\"url\":\"https:\\\/\\\/martinalechner.at\\\/musicalundmehr\\\/podlove\\\/file\\\/84\\\/s\\\/webplayer\\\/c\\\/website\\\/MM011-vladimir-korneev.m4a\",\"size\":\"107094257\",\"title\":\"MPEG-4 AAC Audio (m4a)\",\"mimeType\":\"audio\\\/mp4\"},{\"url\":\"https:\\\/\\\/martinalechner.at\\\/musicalundmehr\\\/podlove\\\/file\\\/68\\\/s\\\/webplayer\\\/c\\\/website\\\/MM011-vladimir-korneev.mp3\",\"size\":\"104906033\",\"title\":\"MP3 Audio (mp3)\",\"mimeType\":\"audio\\\/mpeg\"}],\"files\":[{\"url\":\"https:\\\/\\\/martinalechner.at\\\/musicalundmehr\\\/podlove\\\/file\\\/68\\\/s\\\/webplayer\\\/MM011-vladimir-korneev.mp3\",\"size\":\"104906033\",\"title\":\"MP3 Audio\",\"mimeType\":\"audio\\\/mpeg\"},{\"url\":\"https:\\\/\\\/martinalechner.at\\\/musicalundmehr\\\/podlove\\\/file\\\/84\\\/s\\\/webplayer\\\/MM011-vladimir-korneev.m4a\",\"size\":\"107094257\",\"title\":\"MPEG-4 AAC Audio\",\"mimeType\":\"audio\\\/mp4\"},{\"url\":\"https:\\\/\\\/martinalechner.at\\\/musicalundmehr\\\/podlove\\\/file\\\/101\\\/s\\\/webplayer\\\/MM011-vladimir-korneev.jpg\",\"size\":\"126208\",\"title\":\"JPEG Image\",\"mimeType\":\"image\\\/jpeg\"}],\"contributors\":[{\"id\":\"4\",\"name\":\"Martina Lechner\",\"avatar\":\"https:\\\/\\\/martinalechner.at\\\/musicalundmehr\\\/wp-content\\\/uploads\\\/sites\\\/2\\\/2018\\\/08\\\/IMG_20180809_224150-1-e1541459138853.jpg\",\"role\":{\"id\":\"1\",\"slug\":\"moderation\",\"title\":\"Moderation\"},\"group\":{\"id\":\"1\",\"slug\":\"onair\",\"title\":\"On Air\"},\"comment\":null},{\"id\":\"16\",\"name\":\"Vladimir Korneev\",\"avatar\":\"https:\\\/\\\/martinalechner.at\\\/musicalundmehr\\\/wp-content\\\/uploads\\\/sites\\\/2\\\/2018\\\/11\\\/51516a77-a59a-4954-9fb4-694d58d4dea3-e1543172334656.jpg\",\"role\":{\"id\":\"2\",\"slug\":\"gast\",\"title\":\"Gast\"},\"group\":{\"id\":\"1\",\"slug\":\"onair\",\"title\":\"On Air\"},\"comment\":null}]}}, {\"url\":\"https:\\\/\\\/martinalechner.at\\\/musicalundmehr\\\/wp-json\\\/podlove-web-player\\\/shortcode\\\/config\\\/default\\\/theme\\\/default\",\"data\":{\"activeTab\":\"chapters\",\"subscribe-button\":null,\"share\":{\"channels\":[\"facebook\",\"twitter\",\"whats-app\",\"linkedin\",\"pinterest\",\"xing\",\"mail\",\"link\"],\"outlet\":\"https:\\\/\\\/martinalechner.at\\\/musicalundmehr\\\/wp-content\\\/plugins\\\/podlove-web-player\\\/web-player\\\/share.html\",\"sharePlaytime\":true},\"related-episodes\":{\"source\":\"disabled\",\"value\":null},\"version\":5,\"theme\":{\"tokens\":{\"brand\":\"#E64415\",\"brandDark\":\"#235973\",\"brandDarkest\":\"#1A3A4A\",\"brandLightest\":\"#E9F1F5\",\"shadeDark\":\"#807E7C\",\"shadeBase\":\"#807E7C\",\"contrast\":\"#000\",\"alt\":\"#fff\"},\"fonts\":{\"ci\":{\"name\":\"ci\",\"family\":[\"-apple-system\",\"BlinkMacSystemFont\",\"Segoe UI\",\"Roboto\",\"Helvetica\",\"Arial\",\"sans-serif\",\"Apple Color Emoji\",\"Segoe UI Emoji\\\", \\\"Segoe UI Symbol\"],\"src\":[],\"weight\":800},\"regular\":{\"name\":\"regular\",\"family\":[\"-apple-system\",\"BlinkMacSystemFont\",\"Segoe UI\",\"Roboto\",\"Helvetica\",\"Arial\",\"sans-serif\",\"Apple Color Emoji\",\"Segoe UI Emoji\\\", \\\"Segoe UI Symbol\"],\"src\":[],\"weight\":300},\"bold\":{\"name\":\"bold\",\"family\":[\"-apple-system\",\"BlinkMacSystemFont\",\"Segoe UI\",\"Roboto\",\"Helvetica\",\"Arial\",\"sans-serif\",\"Apple Color Emoji\",\"Segoe UI Emoji\\\", \\\"Segoe UI Symbol\"],\"src\":[],\"weight\":700}}},\"base\":\"https:\\\/\\\/martinalechner.at\\\/musicalundmehr\\\/wp-content\\\/plugins\\\/podlove-web-player\\\/web-player\\\/\"}}]);\n                podlovePlayer(player, \"https:\/\/martinalechner.at\/musicalundmehr\/wp-json\/podlove-web-player\/shortcode\/publisher\/141\", \"https:\/\/martinalechner.at\/musicalundmehr\/wp-json\/podlove-web-player\/shortcode\/config\/default\/theme\/default\").then(function() {\n                  player && player.classList.remove(\"podlove-web-player-loading\");\n                });\n              });\n            <\/script>\n            <style>\n              .podlove-web-player.podlove-web-player-loading {\n                opacity: 0;\n              }\n            <\/style>\n        \n    <div>\n        \n    <\/div>\n        \t            <div style=\"clear: both; padding-top: 50px\">\n            <h4><b>Mitwirkende<\/b><\/h4>\n            \n\n\t<div class=\"podlove-contributors-cards\">\n\t\t\t\t\t\n\t\t\t\t<div class=\"podlove-contributors-card\">\n\t\t\t\t\t<div class=\"podlove-contributors-card-inner\">\n\t\t\t\t\t\t<div class=\"podlove-contributors-card-avatar\">\n\t\t\t\t\t\t\t\n<img loading=\"lazy\" decoding=\"async\" alt=\"avatar\" width=\"50\" height=\"50\" src=\"https:\/\/martinalechner.at\/musicalundmehr\/wp-content\/uploads\/sites\/2\/2018\/08\/IMG_20180809_224150-1-e1541459138853.jpg\"\/>\n\n\t\t\t\t\t\t<\/div>\n\t\t\t\t\t\t<div class=\"podlove-contributors-card-person\">\n\t\t\t\t\t\t\t<div style=\"align-self: center\">\n\t\t\t\t\t\t\t\t<div style=\"font-weight: 400;\">Martina Lechner<\/div>\n\t\t\t\t\t\t\t\t\t\t\t\t\t\t\t<\/div>\n\t\t\t\t\t\t\t<div class=\"podlove-contributors-card-services\">\n\t\t\t\t\t\t\t\t\t\t\t\t\t\t\t\t\t<a class=\"podlove-contributors-card-services-service\" target=\"_blank\" title=\"Instagram\" href=\"https:\/\/instagram.com\/musicalundmehr\">\n\t\t\t\t\t\t\t\t\t\t\n<img decoding=\"async\" alt=\"Instagram Icon\" width=\"20\" src=\"https:\/\/martinalechner.at\/musicalundmehr\/wp-content\/plugins\/podlove-podcasting-plugin-for-wordpress\/lib\/modules\/social\/images\/icons\/instagram.png\"\/>\n\n\t\t\t\t\t\t\t\t\t<\/a>\n\t\t\t\t\t\t\t\t\t\t\t\t\t\t\t\t\t<a class=\"podlove-contributors-card-services-service\" target=\"_blank\" title=\"Facebook\" href=\"https:\/\/facebook.com\/martina.lechner.96\">\n\t\t\t\t\t\t\t\t\t\t\n<img decoding=\"async\" alt=\"Facebook Icon\" width=\"20\" src=\"https:\/\/martinalechner.at\/musicalundmehr\/wp-content\/plugins\/podlove-podcasting-plugin-for-wordpress\/lib\/modules\/social\/images\/icons\/facebook.png\"\/>\n\n\t\t\t\t\t\t\t\t\t<\/a>\n\t\t\t\t\t\t\t\t\t\t\t\t\t\t\t\t\t<a class=\"podlove-contributors-card-services-service\" target=\"_blank\" title=\"Soundcloud\" href=\"https:\/\/soundcloud.com\/user-195397528\">\n\t\t\t\t\t\t\t\t\t\t\n<img decoding=\"async\" alt=\"Soundcloud Icon\" width=\"20\" src=\"https:\/\/martinalechner.at\/musicalundmehr\/wp-content\/plugins\/podlove-podcasting-plugin-for-wordpress\/lib\/modules\/social\/images\/icons\/soundcloud.png\"\/>\n\n\t\t\t\t\t\t\t\t\t<\/a>\n\t\t\t\t\t\t\t\t\t\t\t\t\t\t\t\t\t<a class=\"podlove-contributors-card-services-service\" target=\"_blank\" title=\"YouTube (Channel)\" href=\"https:\/\/www.youtube.com\/channel\/UCHwMZXpj3BYfi_1ciJ13dxw\">\n\t\t\t\t\t\t\t\t\t\t\n<img decoding=\"async\" alt=\"YouTube (Channel) Icon\" width=\"20\" src=\"https:\/\/martinalechner.at\/musicalundmehr\/wp-content\/plugins\/podlove-podcasting-plugin-for-wordpress\/lib\/modules\/social\/images\/icons\/youtube.png\"\/>\n\n\t\t\t\t\t\t\t\t\t<\/a>\n\t\t\t\t\t\t\t\t\t\t\t\t\t\t\t\t\t\t\t\t\t\t\t<\/div>\n\t\t\t\t\t\t<\/div>\n\t\t\t\t\t<\/div>\n\t\t\t\t<\/div>\n\n\t\t\t\t\t\t\t\t\n\t\t\t\t<div class=\"podlove-contributors-card\">\n\t\t\t\t\t<div class=\"podlove-contributors-card-inner\">\n\t\t\t\t\t\t<div class=\"podlove-contributors-card-avatar\">\n\t\t\t\t\t\t\t\n<img loading=\"lazy\" decoding=\"async\" alt=\"avatar\" width=\"50\" height=\"50\" src=\"https:\/\/martinalechner.at\/musicalundmehr\/wp-content\/uploads\/sites\/2\/2018\/11\/51516a77-a59a-4954-9fb4-694d58d4dea3-e1543172334656.jpg\"\/>\n\n\t\t\t\t\t\t<\/div>\n\t\t\t\t\t\t<div class=\"podlove-contributors-card-person\">\n\t\t\t\t\t\t\t<div style=\"align-self: center\">\n\t\t\t\t\t\t\t\t<div style=\"font-weight: 400;\">Vladimir Korneev<\/div>\n\t\t\t\t\t\t\t\t\t\t\t\t\t\t\t<\/div>\n\t\t\t\t\t\t\t<div class=\"podlove-contributors-card-services\">\n\t\t\t\t\t\t\t\t\t\t\t\t\t\t\t\t\t\t\t\t\t\t\t<\/div>\n\t\t\t\t\t\t<\/div>\n\t\t\t\t\t<\/div>\n\t\t\t\t<\/div>\n\n\t\t\t\t\t\t<\/div>\n\n\t<style>\n\t\t.podlove-contributors-cards {\n\t\t\tmargin-bottom: 1rem;\n\t\t\tbackground: white;\n\t\t\toverflow: hidden;\n\t\t\tborder-radius: 0.375rem;\n\t\t\tbox-shadow: 0 1px 3px 0 rgba(0, 0, 0, 0.1), 0 1px 2px 0 rgba(0, 0, 0, 0.06);\n\t\t}\n\t\t.podlove-contributors-card {\n\t\t\tdisplay: flex;\n\t\t\talign-items: center;\n\t\t\tpadding: 1rem 1.5rem\n\t\t}\n\t\t.podlove-contributors-card-inner {\n\t\t\tdisplay: flex;\n\t\t\talign-items: center;\n\t\t\tflex: 1 1 0;\n\t\t\tmin-width: 0;\n\t\t}\n\t\t.podlove-contributors-card-avatar {\n\t\t\twidth: 50px;\n\t\t\theight: 50px;\n\t\t\tborder-radius: 0.25rem;\n\t\t\toverflow: hidden;\n\t\t\tflex-shrink: 0;\n\t\t}\n\t\t.podlove-contributors-card-person {\n\t\t\tflex: 1 1 0;\n\t\t\tmin-width: 0;\n\t\t\tpadding: 0 1rem;\n\t\t\tdisplay: grid;\n\t\t\tgrid-template-columns: repeat(2, minmax(0, 1fr));\n\t\t\tgap: 1rem;\n\t\t}\n\t\t.podlove-contributors-card-person-details {\n\t\t\tcolor: #999\n\t\t}\n\t\t.podlove-contributors-card-services {\n\t\t\tflex-wrap: wrap;\n\t\t\tdisplay: flex;\n\t\t\talign-items: center;\n\t\t\talign-content: center;\n\t\t\tjustify-content: flex-end;\n\t\t}\n\t\t.podlove-contributors-card-services-service {\n\t\t\tdisplay: inline-block;\n\t\t\tflex-shrink: 0;\n\t\t\tpadding-left: 0.5rem;\n\t\t\ttext-decoration: none;\n\t\t\tbox-shadow: none;\n\t\t}\n\t<\/style>\n\n\n        <\/div>\n    <br\/><h4>Biografie<\/h4>\n<p>Der geb\u00fcrtige Georgier kam als Kriegsfl\u00fcchtling im Alter von 7 Jahren\u00a0mit seinen Eltern nach Deutschland. Nach einer zw\u00f6lfj\u00e4hrigen Ausbildung\u00a0zum Pianisten und seinem Abitur in Augsburg absolvierte er sein\u00a0Schauspiel- und Gesangsstudium an der Bayerischen Theaterakademie August\u00a0Everding in M\u00fcnchen. 2012 erhielt er sein Diplom mit Auszeichnung.<\/p>\n<p>Korneev dreht f\u00fcr Film und Fernsehen. 2014 hatte er sein Fernsehdeb\u00fct an\u00a0der Seite von Matthias Brandt und Sandra H\u00fcller im Polizeiruf 110\u00a0\u201eMORGENGRAUEN\u201c, der f\u00fcr den Grimme-Preis nominiert wurde. Seither drehte\u00a0er u.a. mit Tom Schilling \u201eAUF KURZE DISTANZ\u201c und Ronald Zehrfeld\u00a0\u201eDENGLER\u201c. In dem ARD Spielfilm \u201eEINE SOMMERLIEBE ZU DRITT\u201c gab Vladimir<\/p>\n<p>die Hauptrolle. Dieses Jahr hatte Vladimir seine erste Kinofilmpremiere\u00a0mit \u201eKUNDSCHAFTER DES FRIEDENS\u201c neben Henry H\u00fcbchen, Michael Gwisdek und\u00a0Thomas Thieme, spielt im schweizer TATORT \u201eKRIEGSSPLITTER\u201c und drehte\u00a0u.a. als Episodenhauptrolle f\u00fcr &#8222;STRALSUND: KEIN WEG ZUR\u00dcCK&#8220;.<\/p>\n<p>Zu seinem Schaffen als Schauspieler ist Vladimir Korneev Chansons\u00e4nger.\u00a0Er ist dreifacher Preistr\u00e4ger in Folge beim Bundeswettbewerb Gesang\u00a0Berlin Chanson und Gewinner des internationalen\u00a0Andrej-Popov-Chansonwettbewerbs \u201eTHE SINGING MASK\u201c in St. Petersburg.\u00a0Seine Liederabende erz\u00e4hlen mit Intensit\u00e4t und Feingef\u00fchl in Klang und\u00a0Wort von der Sehnsucht nach Liebe. Seit Jahren wird Vladimir von dem\u00a0Konzertpianisten und Dirigenten Liviu Petcu begleitet. Zusammen gaben\u00a0Sie Konzerte im BR Funkhaus, Deutsches Theater M\u00fcnchen, Bayerischer\u00a0Landtag, M\u00fcncher Residenz, Prinzregententheater, Kunsthalle M\u00fcnchen, Bar\u00a0jeder Vernunft und im BR Fernsehen.<\/p>\n<p>Im Mai 2014 brachte er sein Chanson Deb\u00fctalbum \u201eWEITERGEHN\u201c mit BR\u00a0KLASSIK im Deutschen Theater M\u00fcnchen heraus. Mit seinem\u00a0franz\u00f6sisch-russischen Programm &#8222;LIED\u00c9\u042f\u201c feierte Korneev 2016 sein\u00a0Berliner Deb\u00fct in der BAR JEDER VERNUNFT und brachte dieses Live Konzert\u00a0als sein zweites Album &#8222;\u042f\u00c9CITAL&#8220; 2016 auf den Markt. Sein drittes Album<\/p>\n<p>&#8222;\u042fOM\u00c1NCE&#8220; nahm Korneev als erste Orchester CD, die mit dem WDR\u00a0Funkhausorchester in K\u00f6ln auf. Liviu Petcu schrieb die Arrnagements und\u00a0dirigierte die Aufnahmen. Die Erscheinung von seinem neuen Album\u00a0&#8222;\u042fOM\u00c1NCE&#8220; ist f\u00fcr Anfang 2018 geplant.<\/p>\n<p>Seit Sommersemester 2015 ist Vladimir Korneev Dozent an der Bayerischen\u00a0Theaterakademie August Everding in den F\u00e4chern Gesang und Chanson.<\/p>\n<h4>Links<\/h4>\n<p><a href=\"http:\/\/www.vladimirkorneev.com\/\">www.vladimirkorneev.com<\/a><\/p>\n<h4>Copyrights<\/h4>\n<p>Musik:\u00a0Latch\u00e9 Swing &#8211; Menilmontant CC BY NC SA<br \/>\nFoto:\u00a0Nomi Baumgartl<\/p>\n","protected":false},"author":2,"featured_media":0,"comment_status":"closed","ping_status":"closed","template":"","meta":{"footnotes":""},"tags":[],"class_list":["post-141","podcast","type-podcast","status-publish","post"],"_links":{"self":[{"href":"https:\/\/martinalechner.at\/musicalundmehr\/wp-json\/wp\/v2\/episodes\/141","targetHints":{"allow":["GET"]}}],"collection":[{"href":"https:\/\/martinalechner.at\/musicalundmehr\/wp-json\/wp\/v2\/episodes"}],"about":[{"href":"https:\/\/martinalechner.at\/musicalundmehr\/wp-json\/wp\/v2\/types\/podcast"}],"author":[{"embeddable":true,"href":"https:\/\/martinalechner.at\/musicalundmehr\/wp-json\/wp\/v2\/users\/2"}],"replies":[{"embeddable":true,"href":"https:\/\/martinalechner.at\/musicalundmehr\/wp-json\/wp\/v2\/comments?post=141"}],"version-history":[{"count":8,"href":"https:\/\/martinalechner.at\/musicalundmehr\/wp-json\/wp\/v2\/episodes\/141\/revisions"}],"predecessor-version":[{"id":502,"href":"https:\/\/martinalechner.at\/musicalundmehr\/wp-json\/wp\/v2\/episodes\/141\/revisions\/502"}],"wp:attachment":[{"href":"https:\/\/martinalechner.at\/musicalundmehr\/wp-json\/wp\/v2\/media?parent=141"}],"wp:term":[{"taxonomy":"post_tag","embeddable":true,"href":"https:\/\/martinalechner.at\/musicalundmehr\/wp-json\/wp\/v2\/tags?post=141"}],"curies":[{"name":"wp","href":"https:\/\/api.w.org\/{rel}","templated":true}]}}