{"id":534,"date":"2019-10-27T00:01:42","date_gmt":"2019-10-26T22:01:42","guid":{"rendered":"podlove-2019-10-21t22:47:10+00:00-1837e855b02562e"},"modified":"2019-10-26T16:41:04","modified_gmt":"2019-10-26T14:41:04","slug":"mm014-insight-mit-kati-kolb","status":"publish","type":"podcast","link":"https:\/\/martinalechner.at\/musicalundmehr\/mm014-insight-mit-kati-kolb\/","title":{"rendered":"MM014 Insight mit Kati Kolb"},"content":{"rendered":"<h3><b><\/b><\/h3>\n<br\/>\t\t\n            <div class=\"podlove-web-player intrinsic-ignore podlove-web-player-loading\" id=\"player-69f566585aece\"><root data-test=\"player--xl\" style=\"max-width:950px;min-width:260px;\">\n  <div class=\"tablet:px-6 tablet:pt-6 mobile:px-4 mobile:pt-4 flex flex-col\">\n    <div class=\"flex-col items-center mobile:flex tablet:hidden\">\n      <show-title class=\"text-sm\"><\/show-title>\n      <episode-title class=\"text-base mb-2\"><\/episode-title>\n      <subscribe-button class=\"mb-4 mobile:flex tablet:hidden\"><\/subscribe-button>\n      <poster class=\"rounded-sm w-48 shadow overflow-hidden\"><\/poster>\n      <divider class=\"w-full my-6\"><\/divider>\n    <\/div>\n\n    <div class=\"tablet:flex flex-grow\">\n      <div class=\"w-64 mobile:hidden tablet:block tablet:mr-6\">\n        <poster class=\"rounded-sm shadow overflow-hidden\"><\/poster>\n      <\/div>\n      <div class=\"w-full\">\n        <div class=\"hidden tablet:block\">\n          <show-title class=\"text-base\"><\/show-title>\n          <episode-title class=\"text-xl desktop:text-2xl\"><\/episode-title>\n          <divider class=\"w-full my-4\"><\/divider>\n        <\/div>\n        <div class=\"flex items-center justify-between\">\n          <div class=\"block\">\n            <play-state on=\"active\">\n              <speed-control class=\"flex items-center\"><\/speed-control>\n            <\/play-state>\n          <\/div>\n\n          <div class=\"flex\">\n            <play-state on=\"active\">\n              <chapter-previous class=\"mx-2 block\"><\/chapter-previous>\n            <\/play-state>\n            <play-state on=\"active\">\n              <step-backward class=\"mx-2 block\"><\/step-backward>\n            <\/play-state>\n\n            <play-button class=\"mx-2 block\" :label=\"$t('PLAYER.PLAY_EPISODE')\"><\/play-button>\n\n            <play-state on=\"active\">\n              <step-forward class=\"mx-2 block\"><\/step-forward>\n            <\/play-state>\n            <play-state on=\"active\">\n              <chapter-next class=\"mx-2 block\"><\/chapter-next>\n            <\/play-state>\n          <\/div>\n\n          <div class=\"block\">\n            <play-state on=\"active\">\n              <volume-control class=\"flex items-center\"><\/volume-control>\n            <\/play-state>\n          <\/div>\n        <\/div>\n        <div class=\"flex w-full\">\n          <progress-bar><\/progress-bar>\n        <\/div>\n        <div class=\"flex w-full -mt-2\">\n          <div class=\"w-3\/12 text-left\">\n            <timer-current class=\"text-sm\"><\/timer-current>\n          <\/div>\n          <div class=\"w-6\/12 text-center truncate\">\n            <play-state on=\"active\">\n              <current-chapter class=\"text-sm\"><\/current-chapter>\n            <\/play-state>\n          <\/div>\n          <div class=\"w-3\/12 text-right\">\n            <timer-duration class=\"text-sm\"><\/timer-duration>\n          <\/div>\n        <\/div>\n      <\/div>\n    <\/div>\n    <divider class=\"w-full mt-6 mb-3\"><\/divider>\n    <div class=\"flex justify-between\">\n      <div class=\"flex mobile:w-full tablet:w-3\/12 desktop:w-3\/12 justify-between\">\n        <tab-trigger tab=\"chapters\">\n          <icon type=\"chapter\"><\/icon>\n        <\/tab-trigger>\n        <tab-trigger tab=\"transcripts\">\n          <icon type=\"transcripts\"><\/icon>\n        <\/tab-trigger>\n        <tab-trigger tab=\"files\">\n          <icon type=\"download\"><\/icon>\n        <\/tab-trigger>\n        <tab-trigger tab=\"playlist\">\n          <icon type=\"playlist\"><\/icon>\n        <\/tab-trigger>\n        <tab-trigger tab=\"share\">\n          <icon type=\"share\"><\/icon>\n        <\/tab-trigger>\n      <\/div>\n      <subscribe-button class=\"mt-1 mobile:hidden tablet:flex\"><\/subscribe-button>\n    <\/div>\n  <\/div>\n  <div class=\"w-full relative overflow-hidden\">\n    <tab name=\"chapters\">\n      <tab-chapters><\/tab-chapters>\n    <\/tab>\n    <tab name=\"transcripts\">\n      <tab-transcripts><\/tab-transcripts>\n    <\/tab>\n    <tab name=\"files\">\n      <tab-files><\/tab-files>\n    <\/tab>\n    <tab name=\"playlist\">\n      <tab-playlist><\/tab-playlist>\n    <\/tab>\n    <tab name=\"share\">\n      <tab-share><\/tab-share>\n    <\/tab>\n    <tab-overflow><\/tab-overflow>\n  <\/div>\n  <error><\/error>\n<\/root>\n<\/div>\n            <script>\n              document.addEventListener(\"DOMContentLoaded\", function() {\n                var player = document.getElementById(\"player-69f566585aece\");\n                podlovePlayerCache.add([{\"url\":\"https:\\\/\\\/martinalechner.at\\\/musicalundmehr\\\/wp-json\\\/podlove-web-player\\\/shortcode\\\/publisher\\\/534\",\"data\":{\"version\":5,\"show\":{\"title\":\"Musical & mehr ...\",\"subtitle\":\"Gute Darsteller, gute Menschen, gute Gr\\u00fcnde! Gespr\\u00e4che mit K\\u00fcnstlern aus der Welt des Musicals!\",\"summary\":\"Musicaldarstellerin Martina Lechner hat sich f\\u00fcr die erste Staffel ihres Musicalpodcast \\u2013 Projekts mit 12 Kollegen zum Gespr\\u00e4ch getroffen, um zu erfahren, wie diese ihren Weg auf die B\\u00fchne gefunden haben. Alle 12 sind aus zahlreichen deutschsprachigen Stadt- und Stage Entertainment Theatern bekannt, aber nicht nur das - sie alle haben ein ganz besonderes Thema, Projekt, oder eine Passion, die sie gerne mit ihren H\\u00f6rern teilen wollen.\",\"poster\":\"https:\\\/\\\/martinalechner.at\\\/musicalundmehr\\\/wp-content\\\/uploads\\\/sites\\\/2\\\/2019\\\/12\\\/Logo_2.png\",\"link\":\"https:\\\/\\\/martinalechner.at\\\/musicalundmehr\"},\"title\":\"MM014 Insight mit Kati Kolb\",\"subtitle\":\"\",\"summary\":\"\",\"publicationDate\":\"2019-10-27T00:01:42+02:00\",\"duration\":\"00:39:30.380\",\"poster\":\"https:\\\/\\\/martinalechner.at\\\/musicalundmehr\\\/wp-content\\\/uploads\\\/sites\\\/2\\\/2019\\\/10\\\/MM014-kati-kolb.jpg.jpg\",\"link\":\"https:\\\/\\\/martinalechner.at\\\/musicalundmehr\\\/mm014-insight-mit-kati-kolb\\\/\",\"chapters\":[{\"start\":\"00:00:00.000\",\"title\":\"Hallo\",\"href\":\"\",\"image\":\"\"},{\"start\":\"00:00:59.000\",\"title\":\"Wie wird man Ausstatterin?\",\"href\":\"\",\"image\":\"\"},{\"start\":\"00:03:28.000\",\"title\":\"Wenn Berufung Beruf wird\",\"href\":\"\",\"image\":\"\"},{\"start\":\"00:05:18.000\",\"title\":\"Symbiose\",\"href\":\"\",\"image\":\"\"},{\"start\":\"00:06:38.000\",\"title\":\"Working Mum\",\"href\":\"\",\"image\":\"\"},{\"start\":\"00:09:29.000\",\"title\":\"Was man im Musical erwartet\",\"href\":\"\",\"image\":\"\"},{\"start\":\"00:11:05.000\",\"title\":\"Der Aufgabenbreich der Ausstattung\",\"href\":\"\",\"image\":\"\"},{\"start\":\"00:14:09.000\",\"title\":\"Katis Markenzeichen\",\"href\":\"\",\"image\":\"\"},{\"start\":\"00:15:30.000\",\"title\":\"Schritt Eins - Bis zur Bauprobe\",\"href\":\"\",\"image\":\"\"},{\"start\":\"00:18:25.000\",\"title\":\"Schritt Zwei - Im Paradis der Stoffe\",\"href\":\"\",\"image\":\"\"},{\"start\":\"00:23:39.000\",\"title\":\"Schritt Drei - Kreationen, Kost\\u00fcme und Klimbim\",\"href\":\"\",\"image\":\"\"},{\"start\":\"00:27:35.000\",\"title\":\"Schritt Vier - Abteilungsschnittstelle\",\"href\":\"\",\"image\":\"\"},{\"start\":\"00:29:48.000\",\"title\":\"Abgabetermin Generalprobe\",\"href\":\"\",\"image\":\"\"},{\"start\":\"00:31:37.000\",\"title\":\"Andenken und Bugeteinteilung\",\"href\":\"\",\"image\":\"\"},{\"start\":\"00:34:20.000\",\"title\":\"Special Skill : Freilichtspiele Schw\\u00e4bisch Hall\",\"href\":\"\",\"image\":\"\"},{\"start\":\"00:38:51.000\",\"title\":\"Und was kommt jetzt?\",\"href\":\"\",\"image\":\"\"}],\"audio\":[{\"url\":\"https:\\\/\\\/martinalechner.at\\\/musicalundmehr\\\/podlove\\\/file\\\/317\\\/s\\\/webplayer\\\/c\\\/website\\\/MM014-kati-kolb.m4a\",\"size\":\"58523863\",\"title\":\"MPEG-4 AAC Audio (m4a)\",\"mimeType\":\"audio\\\/mp4\"},{\"url\":\"https:\\\/\\\/martinalechner.at\\\/musicalundmehr\\\/podlove\\\/file\\\/315\\\/s\\\/webplayer\\\/c\\\/website\\\/MM014-kati-kolb.mp3\",\"size\":\"56982002\",\"title\":\"MP3 Audio (mp3)\",\"mimeType\":\"audio\\\/mpeg\"}],\"files\":[{\"url\":\"https:\\\/\\\/martinalechner.at\\\/musicalundmehr\\\/podlove\\\/file\\\/315\\\/s\\\/webplayer\\\/MM014-kati-kolb.mp3\",\"size\":\"56982002\",\"title\":\"MP3 Audio\",\"mimeType\":\"audio\\\/mpeg\"},{\"url\":\"https:\\\/\\\/martinalechner.at\\\/musicalundmehr\\\/podlove\\\/file\\\/317\\\/s\\\/webplayer\\\/MM014-kati-kolb.m4a\",\"size\":\"58523863\",\"title\":\"MPEG-4 AAC Audio\",\"mimeType\":\"audio\\\/mp4\"},{\"url\":\"https:\\\/\\\/martinalechner.at\\\/musicalundmehr\\\/podlove\\\/file\\\/316\\\/s\\\/webplayer\\\/MM014-kati-kolb.jpg\",\"size\":\"236028\",\"title\":\"JPEG Image\",\"mimeType\":\"image\\\/jpeg\"}],\"contributors\":[{\"id\":\"4\",\"name\":\"Martina Lechner\",\"avatar\":\"https:\\\/\\\/martinalechner.at\\\/musicalundmehr\\\/wp-content\\\/uploads\\\/sites\\\/2\\\/2018\\\/08\\\/IMG_20180809_224150-1-e1541459138853.jpg\",\"role\":{\"id\":\"1\",\"slug\":\"moderation\",\"title\":\"Moderation\"},\"group\":{\"id\":\"1\",\"slug\":\"onair\",\"title\":\"On Air\"},\"comment\":null},{\"id\":\"20\",\"name\":\"Kati Kolb\",\"avatar\":\"https:\\\/\\\/martinalechner.at\\\/musicalundmehr\\\/wp-content\\\/uploads\\\/sites\\\/2\\\/2019\\\/10\\\/IMG_20191015_124544-e1571425696311.jpg\",\"role\":{\"id\":\"2\",\"slug\":\"gast\",\"title\":\"Gast\"},\"group\":{\"id\":\"1\",\"slug\":\"onair\",\"title\":\"On Air\"},\"comment\":null}]}}, {\"url\":\"https:\\\/\\\/martinalechner.at\\\/musicalundmehr\\\/wp-json\\\/podlove-web-player\\\/shortcode\\\/config\\\/default\\\/theme\\\/default\",\"data\":{\"activeTab\":\"chapters\",\"subscribe-button\":null,\"share\":{\"channels\":[\"facebook\",\"twitter\",\"whats-app\",\"linkedin\",\"pinterest\",\"xing\",\"mail\",\"link\"],\"outlet\":\"https:\\\/\\\/martinalechner.at\\\/musicalundmehr\\\/wp-content\\\/plugins\\\/podlove-web-player\\\/web-player\\\/share.html\",\"sharePlaytime\":true},\"related-episodes\":{\"source\":\"disabled\",\"value\":null},\"version\":5,\"theme\":{\"tokens\":{\"brand\":\"#E64415\",\"brandDark\":\"#235973\",\"brandDarkest\":\"#1A3A4A\",\"brandLightest\":\"#E9F1F5\",\"shadeDark\":\"#807E7C\",\"shadeBase\":\"#807E7C\",\"contrast\":\"#000\",\"alt\":\"#fff\"},\"fonts\":{\"ci\":{\"name\":\"ci\",\"family\":[\"-apple-system\",\"BlinkMacSystemFont\",\"Segoe UI\",\"Roboto\",\"Helvetica\",\"Arial\",\"sans-serif\",\"Apple Color Emoji\",\"Segoe UI Emoji\\\", \\\"Segoe UI Symbol\"],\"src\":[],\"weight\":800},\"regular\":{\"name\":\"regular\",\"family\":[\"-apple-system\",\"BlinkMacSystemFont\",\"Segoe UI\",\"Roboto\",\"Helvetica\",\"Arial\",\"sans-serif\",\"Apple Color Emoji\",\"Segoe UI Emoji\\\", \\\"Segoe UI Symbol\"],\"src\":[],\"weight\":300},\"bold\":{\"name\":\"bold\",\"family\":[\"-apple-system\",\"BlinkMacSystemFont\",\"Segoe UI\",\"Roboto\",\"Helvetica\",\"Arial\",\"sans-serif\",\"Apple Color Emoji\",\"Segoe UI Emoji\\\", \\\"Segoe UI Symbol\"],\"src\":[],\"weight\":700}}},\"base\":\"https:\\\/\\\/martinalechner.at\\\/musicalundmehr\\\/wp-content\\\/plugins\\\/podlove-web-player\\\/web-player\\\/\"}}]);\n                podlovePlayer(player, \"https:\/\/martinalechner.at\/musicalundmehr\/wp-json\/podlove-web-player\/shortcode\/publisher\/534\", \"https:\/\/martinalechner.at\/musicalundmehr\/wp-json\/podlove-web-player\/shortcode\/config\/default\/theme\/default\").then(function() {\n                  player && player.classList.remove(\"podlove-web-player-loading\");\n                });\n              });\n            <\/script>\n            <style>\n              .podlove-web-player.podlove-web-player-loading {\n                opacity: 0;\n              }\n            <\/style>\n        \n    <div>\n        \n    <\/div>\n        \t            <div style=\"clear: both; padding-top: 50px\">\n            <h4><b>Mitwirkende<\/b><\/h4>\n            \n\n\t<div class=\"podlove-contributors-cards\">\n\t\t\t\t\t\n\t\t\t\t<div class=\"podlove-contributors-card\">\n\t\t\t\t\t<div class=\"podlove-contributors-card-inner\">\n\t\t\t\t\t\t<div class=\"podlove-contributors-card-avatar\">\n\t\t\t\t\t\t\t\n<img loading=\"lazy\" decoding=\"async\" alt=\"avatar\" width=\"50\" height=\"50\" src=\"https:\/\/martinalechner.at\/musicalundmehr\/wp-content\/uploads\/sites\/2\/2018\/08\/IMG_20180809_224150-1-e1541459138853.jpg\"\/>\n\n\t\t\t\t\t\t<\/div>\n\t\t\t\t\t\t<div class=\"podlove-contributors-card-person\">\n\t\t\t\t\t\t\t<div style=\"align-self: center\">\n\t\t\t\t\t\t\t\t<div style=\"font-weight: 400;\">Martina Lechner<\/div>\n\t\t\t\t\t\t\t\t\t\t\t\t\t\t\t<\/div>\n\t\t\t\t\t\t\t<div class=\"podlove-contributors-card-services\">\n\t\t\t\t\t\t\t\t\t\t\t\t\t\t\t\t\t<a class=\"podlove-contributors-card-services-service\" target=\"_blank\" title=\"Instagram\" href=\"https:\/\/instagram.com\/musicalundmehr\">\n\t\t\t\t\t\t\t\t\t\t\n<img decoding=\"async\" alt=\"Instagram Icon\" width=\"20\" src=\"https:\/\/martinalechner.at\/musicalundmehr\/wp-content\/plugins\/podlove-podcasting-plugin-for-wordpress\/lib\/modules\/social\/images\/icons\/instagram.png\"\/>\n\n\t\t\t\t\t\t\t\t\t<\/a>\n\t\t\t\t\t\t\t\t\t\t\t\t\t\t\t\t\t<a class=\"podlove-contributors-card-services-service\" target=\"_blank\" title=\"Facebook\" href=\"https:\/\/facebook.com\/martina.lechner.96\">\n\t\t\t\t\t\t\t\t\t\t\n<img decoding=\"async\" alt=\"Facebook Icon\" width=\"20\" src=\"https:\/\/martinalechner.at\/musicalundmehr\/wp-content\/plugins\/podlove-podcasting-plugin-for-wordpress\/lib\/modules\/social\/images\/icons\/facebook.png\"\/>\n\n\t\t\t\t\t\t\t\t\t<\/a>\n\t\t\t\t\t\t\t\t\t\t\t\t\t\t\t\t\t<a class=\"podlove-contributors-card-services-service\" target=\"_blank\" title=\"Soundcloud\" href=\"https:\/\/soundcloud.com\/user-195397528\">\n\t\t\t\t\t\t\t\t\t\t\n<img decoding=\"async\" alt=\"Soundcloud Icon\" width=\"20\" src=\"https:\/\/martinalechner.at\/musicalundmehr\/wp-content\/plugins\/podlove-podcasting-plugin-for-wordpress\/lib\/modules\/social\/images\/icons\/soundcloud.png\"\/>\n\n\t\t\t\t\t\t\t\t\t<\/a>\n\t\t\t\t\t\t\t\t\t\t\t\t\t\t\t\t\t<a class=\"podlove-contributors-card-services-service\" target=\"_blank\" title=\"YouTube (Channel)\" href=\"https:\/\/www.youtube.com\/channel\/UCHwMZXpj3BYfi_1ciJ13dxw\">\n\t\t\t\t\t\t\t\t\t\t\n<img decoding=\"async\" alt=\"YouTube (Channel) Icon\" width=\"20\" src=\"https:\/\/martinalechner.at\/musicalundmehr\/wp-content\/plugins\/podlove-podcasting-plugin-for-wordpress\/lib\/modules\/social\/images\/icons\/youtube.png\"\/>\n\n\t\t\t\t\t\t\t\t\t<\/a>\n\t\t\t\t\t\t\t\t\t\t\t\t\t\t\t\t\t\t\t\t\t\t\t<\/div>\n\t\t\t\t\t\t<\/div>\n\t\t\t\t\t<\/div>\n\t\t\t\t<\/div>\n\n\t\t\t\t\t\t\t\t\n\t\t\t\t<div class=\"podlove-contributors-card\">\n\t\t\t\t\t<div class=\"podlove-contributors-card-inner\">\n\t\t\t\t\t\t<div class=\"podlove-contributors-card-avatar\">\n\t\t\t\t\t\t\t\n<img loading=\"lazy\" decoding=\"async\" alt=\"avatar\" width=\"50\" height=\"50\" src=\"https:\/\/martinalechner.at\/musicalundmehr\/wp-content\/uploads\/sites\/2\/2019\/10\/IMG_20191015_124544-e1571425696311.jpg\"\/>\n\n\t\t\t\t\t\t<\/div>\n\t\t\t\t\t\t<div class=\"podlove-contributors-card-person\">\n\t\t\t\t\t\t\t<div style=\"align-self: center\">\n\t\t\t\t\t\t\t\t<div style=\"font-weight: 400;\">Kati Kolb<\/div>\n\t\t\t\t\t\t\t\t\t\t\t\t\t\t\t<\/div>\n\t\t\t\t\t\t\t<div class=\"podlove-contributors-card-services\">\n\t\t\t\t\t\t\t\t\t\t\t\t\t\t\t\t\t\t\t\t\t\t\t<\/div>\n\t\t\t\t\t\t<\/div>\n\t\t\t\t\t<\/div>\n\t\t\t\t<\/div>\n\n\t\t\t\t\t\t<\/div>\n\n\t<style>\n\t\t.podlove-contributors-cards {\n\t\t\tmargin-bottom: 1rem;\n\t\t\tbackground: white;\n\t\t\toverflow: hidden;\n\t\t\tborder-radius: 0.375rem;\n\t\t\tbox-shadow: 0 1px 3px 0 rgba(0, 0, 0, 0.1), 0 1px 2px 0 rgba(0, 0, 0, 0.06);\n\t\t}\n\t\t.podlove-contributors-card {\n\t\t\tdisplay: flex;\n\t\t\talign-items: center;\n\t\t\tpadding: 1rem 1.5rem\n\t\t}\n\t\t.podlove-contributors-card-inner {\n\t\t\tdisplay: flex;\n\t\t\talign-items: center;\n\t\t\tflex: 1 1 0;\n\t\t\tmin-width: 0;\n\t\t}\n\t\t.podlove-contributors-card-avatar {\n\t\t\twidth: 50px;\n\t\t\theight: 50px;\n\t\t\tborder-radius: 0.25rem;\n\t\t\toverflow: hidden;\n\t\t\tflex-shrink: 0;\n\t\t}\n\t\t.podlove-contributors-card-person {\n\t\t\tflex: 1 1 0;\n\t\t\tmin-width: 0;\n\t\t\tpadding: 0 1rem;\n\t\t\tdisplay: grid;\n\t\t\tgrid-template-columns: repeat(2, minmax(0, 1fr));\n\t\t\tgap: 1rem;\n\t\t}\n\t\t.podlove-contributors-card-person-details {\n\t\t\tcolor: #999\n\t\t}\n\t\t.podlove-contributors-card-services {\n\t\t\tflex-wrap: wrap;\n\t\t\tdisplay: flex;\n\t\t\talign-items: center;\n\t\t\talign-content: center;\n\t\t\tjustify-content: flex-end;\n\t\t}\n\t\t.podlove-contributors-card-services-service {\n\t\t\tdisplay: inline-block;\n\t\t\tflex-shrink: 0;\n\t\t\tpadding-left: 0.5rem;\n\t\t\ttext-decoration: none;\n\t\t\tbox-shadow: none;\n\t\t}\n\t<\/style>\n\n\n        <\/div>\n    <br\/>\n<h4 class=\"wp-block-heading\">Biografie<\/h4>\n\n\n\n<p>Nach \u201eMaria, ihm schmeckt\u2019s nicht!\u201c und \u201eMalala \u2013 M\u00e4dchen mit Buch\u201c ist mit <a href=\"https:\/\/www.freilichtspiele-hall.de\/veranstaltung\/elton-john-und-tim-rices-aida.html\">\u201eElton John und Tim Rice\u2019s AIDA\u201c<\/a> im Sommer 2019 erneut eine von Kati Kolb ausgestattete Produktion in Schw\u00e4bisch Hall zu sehen. Die freischaffende B\u00fchnen- und Kost\u00fcmbildnerin verbindet eine langj\u00e4hrige Zusammenarbeit mit dem Freilichtspiele-Intendanten Christian Doll und dem Musikalischen Leiter Heiko Lippmann, mit denen sie u. a. als Kost\u00fcmbildnerin f\u00fcr das Musical \u201eSpring Awakening\u201c am Theater Heilbronn sowie bei mehreren Inszenierungen bei den Gandersheimer Domfestspielen zusammenarbeitete. Neben ihrer Arbeit als Ausstatterin am Theater arbeitet Kati Kolb regelm\u00e4\u00dfig mit gro\u00dfen Agenturen aus dem Event-Bereich zusammen und wurde mit verschiedenen Preisen ausgezeichnet. Mit ihrer Familie und 3 kleinen Kindern lebt und arbeitet Kati Kolb auf einem ehemaligen Weingut im Rheingau.<\/p>\n\n\n\n<h4 class=\"wp-block-heading\">Links<\/h4>\n\n\n\n<p><a rel=\"noreferrer noopener\" aria-label=\"www.katikolb.de (\u00f6ffnet in neuem Tab)\" href=\"http:\/\/www.katikolb.de\" target=\"_blank\">www.katikolb.de<\/a><br><a href=\"https:\/\/www.freilichtspiele-hall.de\/veranstaltung\/elton-john-und-tim-rices-aida.html\" target=\"_blank\" rel=\"noreferrer noopener\" aria-label=\" (\u00f6ffnet in neuem Tab)\">www.freilichtspiele-hall.de\/veranstaltung\/elton-john-und-tim-rices-aida.html<\/a><\/p>\n\n\n\n<h4 class=\"wp-block-heading\">Copyrights<\/h4>\n\n\n\n<p>Musik:&nbsp;Latch\u00e9 Swing &#8211; Menilmontant CC BY NC SA<br>Foto:&nbsp;Kati Kolb<\/p>\n","protected":false},"author":2,"featured_media":0,"comment_status":"closed","ping_status":"closed","template":"","meta":{"footnotes":""},"tags":[],"class_list":["post-534","podcast","type-podcast","status-publish","post"],"_links":{"self":[{"href":"https:\/\/martinalechner.at\/musicalundmehr\/wp-json\/wp\/v2\/episodes\/534","targetHints":{"allow":["GET"]}}],"collection":[{"href":"https:\/\/martinalechner.at\/musicalundmehr\/wp-json\/wp\/v2\/episodes"}],"about":[{"href":"https:\/\/martinalechner.at\/musicalundmehr\/wp-json\/wp\/v2\/types\/podcast"}],"author":[{"embeddable":true,"href":"https:\/\/martinalechner.at\/musicalundmehr\/wp-json\/wp\/v2\/users\/2"}],"replies":[{"embeddable":true,"href":"https:\/\/martinalechner.at\/musicalundmehr\/wp-json\/wp\/v2\/comments?post=534"}],"version-history":[{"count":6,"href":"https:\/\/martinalechner.at\/musicalundmehr\/wp-json\/wp\/v2\/episodes\/534\/revisions"}],"predecessor-version":[{"id":552,"href":"https:\/\/martinalechner.at\/musicalundmehr\/wp-json\/wp\/v2\/episodes\/534\/revisions\/552"}],"wp:attachment":[{"href":"https:\/\/martinalechner.at\/musicalundmehr\/wp-json\/wp\/v2\/media?parent=534"}],"wp:term":[{"taxonomy":"post_tag","embeddable":true,"href":"https:\/\/martinalechner.at\/musicalundmehr\/wp-json\/wp\/v2\/tags?post=534"}],"curies":[{"name":"wp","href":"https:\/\/api.w.org\/{rel}","templated":true}]}}