{"id":539,"date":"2019-11-03T00:01:50","date_gmt":"2019-11-02T23:01:50","guid":{"rendered":"podlove-2019-10-25t11:06:06+00:00-7a0e93620f44e3c"},"modified":"2019-10-26T17:22:25","modified_gmt":"2019-10-26T15:22:25","slug":"mm015-insight-mit-christopher-toelle","status":"publish","type":"podcast","link":"https:\/\/martinalechner.at\/musicalundmehr\/mm015-insight-mit-christopher-toelle\/","title":{"rendered":"MM015 Insight mit Christopher T\u00f6lle"},"content":{"rendered":"<h3><b><\/b><\/h3>\n<br\/>\t\t\n            <div class=\"podlove-web-player intrinsic-ignore podlove-web-player-loading\" id=\"player-69f3561c93729\"><root data-test=\"player--xl\" style=\"max-width:950px;min-width:260px;\">\n  <div class=\"tablet:px-6 tablet:pt-6 mobile:px-4 mobile:pt-4 flex flex-col\">\n    <div class=\"flex-col items-center mobile:flex tablet:hidden\">\n      <show-title class=\"text-sm\"><\/show-title>\n      <episode-title class=\"text-base mb-2\"><\/episode-title>\n      <subscribe-button class=\"mb-4 mobile:flex tablet:hidden\"><\/subscribe-button>\n      <poster class=\"rounded-sm w-48 shadow overflow-hidden\"><\/poster>\n      <divider class=\"w-full my-6\"><\/divider>\n    <\/div>\n\n    <div class=\"tablet:flex flex-grow\">\n      <div class=\"w-64 mobile:hidden tablet:block tablet:mr-6\">\n        <poster class=\"rounded-sm shadow overflow-hidden\"><\/poster>\n      <\/div>\n      <div class=\"w-full\">\n        <div class=\"hidden tablet:block\">\n          <show-title class=\"text-base\"><\/show-title>\n          <episode-title class=\"text-xl desktop:text-2xl\"><\/episode-title>\n          <divider class=\"w-full my-4\"><\/divider>\n        <\/div>\n        <div class=\"flex items-center justify-between\">\n          <div class=\"block\">\n            <play-state on=\"active\">\n              <speed-control class=\"flex items-center\"><\/speed-control>\n            <\/play-state>\n          <\/div>\n\n          <div class=\"flex\">\n            <play-state on=\"active\">\n              <chapter-previous class=\"mx-2 block\"><\/chapter-previous>\n            <\/play-state>\n            <play-state on=\"active\">\n              <step-backward class=\"mx-2 block\"><\/step-backward>\n            <\/play-state>\n\n            <play-button class=\"mx-2 block\" :label=\"$t('PLAYER.PLAY_EPISODE')\"><\/play-button>\n\n            <play-state on=\"active\">\n              <step-forward class=\"mx-2 block\"><\/step-forward>\n            <\/play-state>\n            <play-state on=\"active\">\n              <chapter-next class=\"mx-2 block\"><\/chapter-next>\n            <\/play-state>\n          <\/div>\n\n          <div class=\"block\">\n            <play-state on=\"active\">\n              <volume-control class=\"flex items-center\"><\/volume-control>\n            <\/play-state>\n          <\/div>\n        <\/div>\n        <div class=\"flex w-full\">\n          <progress-bar><\/progress-bar>\n        <\/div>\n        <div class=\"flex w-full -mt-2\">\n          <div class=\"w-3\/12 text-left\">\n            <timer-current class=\"text-sm\"><\/timer-current>\n          <\/div>\n          <div class=\"w-6\/12 text-center truncate\">\n            <play-state on=\"active\">\n              <current-chapter class=\"text-sm\"><\/current-chapter>\n            <\/play-state>\n          <\/div>\n          <div class=\"w-3\/12 text-right\">\n            <timer-duration class=\"text-sm\"><\/timer-duration>\n          <\/div>\n        <\/div>\n      <\/div>\n    <\/div>\n    <divider class=\"w-full mt-6 mb-3\"><\/divider>\n    <div class=\"flex justify-between\">\n      <div class=\"flex mobile:w-full tablet:w-3\/12 desktop:w-3\/12 justify-between\">\n        <tab-trigger tab=\"chapters\">\n          <icon type=\"chapter\"><\/icon>\n        <\/tab-trigger>\n        <tab-trigger tab=\"transcripts\">\n          <icon type=\"transcripts\"><\/icon>\n        <\/tab-trigger>\n        <tab-trigger tab=\"files\">\n          <icon type=\"download\"><\/icon>\n        <\/tab-trigger>\n        <tab-trigger tab=\"playlist\">\n          <icon type=\"playlist\"><\/icon>\n        <\/tab-trigger>\n        <tab-trigger tab=\"share\">\n          <icon type=\"share\"><\/icon>\n        <\/tab-trigger>\n      <\/div>\n      <subscribe-button class=\"mt-1 mobile:hidden tablet:flex\"><\/subscribe-button>\n    <\/div>\n  <\/div>\n  <div class=\"w-full relative overflow-hidden\">\n    <tab name=\"chapters\">\n      <tab-chapters><\/tab-chapters>\n    <\/tab>\n    <tab name=\"transcripts\">\n      <tab-transcripts><\/tab-transcripts>\n    <\/tab>\n    <tab name=\"files\">\n      <tab-files><\/tab-files>\n    <\/tab>\n    <tab name=\"playlist\">\n      <tab-playlist><\/tab-playlist>\n    <\/tab>\n    <tab name=\"share\">\n      <tab-share><\/tab-share>\n    <\/tab>\n    <tab-overflow><\/tab-overflow>\n  <\/div>\n  <error><\/error>\n<\/root>\n<\/div>\n            <script>\n              document.addEventListener(\"DOMContentLoaded\", function() {\n                var player = document.getElementById(\"player-69f3561c93729\");\n                podlovePlayerCache.add([{\"url\":\"https:\\\/\\\/martinalechner.at\\\/musicalundmehr\\\/wp-json\\\/podlove-web-player\\\/shortcode\\\/publisher\\\/539\",\"data\":{\"version\":5,\"show\":{\"title\":\"Musical & mehr ...\",\"subtitle\":\"Gute Darsteller, gute Menschen, gute Gr\\u00fcnde! Gespr\\u00e4che mit K\\u00fcnstlern aus der Welt des Musicals!\",\"summary\":\"Musicaldarstellerin Martina Lechner hat sich f\\u00fcr die erste Staffel ihres Musicalpodcast \\u2013 Projekts mit 12 Kollegen zum Gespr\\u00e4ch getroffen, um zu erfahren, wie diese ihren Weg auf die B\\u00fchne gefunden haben. Alle 12 sind aus zahlreichen deutschsprachigen Stadt- und Stage Entertainment Theatern bekannt, aber nicht nur das - sie alle haben ein ganz besonderes Thema, Projekt, oder eine Passion, die sie gerne mit ihren H\\u00f6rern teilen wollen.\",\"poster\":\"https:\\\/\\\/martinalechner.at\\\/musicalundmehr\\\/wp-content\\\/uploads\\\/sites\\\/2\\\/2019\\\/12\\\/Logo_2.png\",\"link\":\"https:\\\/\\\/martinalechner.at\\\/musicalundmehr\"},\"title\":\"MM015 Insight mit Christopher T\\u00f6lle\",\"subtitle\":\"\",\"summary\":\"\",\"publicationDate\":\"2019-11-03T00:01:50+01:00\",\"duration\":\"00:58:30.470\",\"poster\":\"https:\\\/\\\/martinalechner.at\\\/musicalundmehr\\\/wp-content\\\/uploads\\\/sites\\\/2\\\/2019\\\/10\\\/dea552bb-153d-4d4d-b4d5-515026a6ae2e.jpg\",\"link\":\"https:\\\/\\\/martinalechner.at\\\/musicalundmehr\\\/mm015-insight-mit-christopher-toelle\\\/\",\"chapters\":[{\"start\":\"00:00:00.000\",\"title\":\"Hallo\",\"href\":\"\",\"image\":\"\"},{\"start\":\"00:01:00.000\",\"title\":\"Aida - der Kreis schlie\\u00dft sich\",\"href\":\"\",\"image\":\"\"},{\"start\":\"00:02:33.000\",\"title\":\"Vom Musicaldarsteller zum Regisseur\",\"href\":\"\",\"image\":\"\"},{\"start\":\"00:06:26.000\",\"title\":\"Die Menschen am Theater\",\"href\":\"\",\"image\":\"\"},{\"start\":\"00:08:29.000\",\"title\":\"Von kreativen Teams\",\"href\":\"\",\"image\":\"\"},{\"start\":\"00:14:08.000\",\"title\":\"Abgabetermine\",\"href\":\"\",\"image\":\"\"},{\"start\":\"00:15:58.000\",\"title\":\"Auditions - Bodyshaming, Clich\\u00e9s und Respektlosigkeit\",\"href\":\"\",\"image\":\"\"},{\"start\":\"00:21:23.000\",\"title\":\"Striche, Adaptionen und Versionen\",\"href\":\"\",\"image\":\"\"},{\"start\":\"00:29:02.000\",\"title\":\"Choreographie\",\"href\":\"\",\"image\":\"\"},{\"start\":\"00:33:25.000\",\"title\":\"3D Choreographie\",\"href\":\"\",\"image\":\"\"},{\"start\":\"00:36:56.000\",\"title\":\"Extravertiertes Arbeiten\",\"href\":\"\",\"image\":\"\"},{\"start\":\"00:45:28.000\",\"title\":\"Premierenfieber\",\"href\":\"\",\"image\":\"\"},{\"start\":\"00:51:14.000\",\"title\":\"Die Schatzkiste\",\"href\":\"\",\"image\":\"\"},{\"start\":\"00:53:45.000\",\"title\":\"Der T\\u00f6lle Clump\",\"href\":\"\",\"image\":\"\"},{\"start\":\"00:57:55.000\",\"title\":\"Und was kommt jetzt?\",\"href\":\"\",\"image\":\"\"}],\"audio\":[{\"url\":\"https:\\\/\\\/martinalechner.at\\\/musicalundmehr\\\/podlove\\\/file\\\/319\\\/s\\\/webplayer\\\/c\\\/website\\\/MM015-christopher-toelle.m4a\",\"size\":\"86420620\",\"title\":\"MPEG-4 AAC Audio (m4a)\",\"mimeType\":\"audio\\\/mp4\"},{\"url\":\"https:\\\/\\\/martinalechner.at\\\/musicalundmehr\\\/podlove\\\/file\\\/318\\\/s\\\/webplayer\\\/c\\\/website\\\/MM015-christopher-toelle.mp3\",\"size\":\"84351629\",\"title\":\"MP3 Audio (mp3)\",\"mimeType\":\"audio\\\/mpeg\"}],\"files\":[{\"url\":\"https:\\\/\\\/martinalechner.at\\\/musicalundmehr\\\/podlove\\\/file\\\/318\\\/s\\\/webplayer\\\/MM015-christopher-toelle.mp3\",\"size\":\"84351629\",\"title\":\"MP3 Audio\",\"mimeType\":\"audio\\\/mpeg\"},{\"url\":\"https:\\\/\\\/martinalechner.at\\\/musicalundmehr\\\/podlove\\\/file\\\/319\\\/s\\\/webplayer\\\/MM015-christopher-toelle.m4a\",\"size\":\"86420620\",\"title\":\"MPEG-4 AAC Audio\",\"mimeType\":\"audio\\\/mp4\"},{\"url\":\"https:\\\/\\\/martinalechner.at\\\/musicalundmehr\\\/podlove\\\/file\\\/320\\\/s\\\/webplayer\\\/MM015-christopher-toelle.jpg\",\"size\":\"261533\",\"title\":\"JPEG Image\",\"mimeType\":\"image\\\/jpeg\"}],\"contributors\":[{\"id\":\"4\",\"name\":\"Martina Lechner\",\"avatar\":\"https:\\\/\\\/martinalechner.at\\\/musicalundmehr\\\/wp-content\\\/uploads\\\/sites\\\/2\\\/2018\\\/08\\\/IMG_20180809_224150-1-e1541459138853.jpg\",\"role\":{\"id\":\"1\",\"slug\":\"moderation\",\"title\":\"Moderation\"},\"group\":{\"id\":\"1\",\"slug\":\"onair\",\"title\":\"On Air\"},\"comment\":null},{\"id\":\"19\",\"name\":\"Christopher T\\u00f6lle\",\"avatar\":\"https:\\\/\\\/martinalechner.at\\\/musicalundmehr\\\/wp-content\\\/uploads\\\/sites\\\/2\\\/2019\\\/10\\\/IMG_20191017_150435-e1571425612419.png\",\"role\":{\"id\":\"2\",\"slug\":\"gast\",\"title\":\"Gast\"},\"group\":{\"id\":\"1\",\"slug\":\"onair\",\"title\":\"On Air\"},\"comment\":null}]}}, {\"url\":\"https:\\\/\\\/martinalechner.at\\\/musicalundmehr\\\/wp-json\\\/podlove-web-player\\\/shortcode\\\/config\\\/default\\\/theme\\\/default\",\"data\":{\"activeTab\":\"chapters\",\"subscribe-button\":null,\"share\":{\"channels\":[\"facebook\",\"twitter\",\"whats-app\",\"linkedin\",\"pinterest\",\"xing\",\"mail\",\"link\"],\"outlet\":\"https:\\\/\\\/martinalechner.at\\\/musicalundmehr\\\/wp-content\\\/plugins\\\/podlove-web-player\\\/web-player\\\/share.html\",\"sharePlaytime\":true},\"related-episodes\":{\"source\":\"disabled\",\"value\":null},\"version\":5,\"theme\":{\"tokens\":{\"brand\":\"#E64415\",\"brandDark\":\"#235973\",\"brandDarkest\":\"#1A3A4A\",\"brandLightest\":\"#E9F1F5\",\"shadeDark\":\"#807E7C\",\"shadeBase\":\"#807E7C\",\"contrast\":\"#000\",\"alt\":\"#fff\"},\"fonts\":{\"ci\":{\"name\":\"ci\",\"family\":[\"-apple-system\",\"BlinkMacSystemFont\",\"Segoe UI\",\"Roboto\",\"Helvetica\",\"Arial\",\"sans-serif\",\"Apple Color Emoji\",\"Segoe UI Emoji\\\", \\\"Segoe UI Symbol\"],\"src\":[],\"weight\":800},\"regular\":{\"name\":\"regular\",\"family\":[\"-apple-system\",\"BlinkMacSystemFont\",\"Segoe UI\",\"Roboto\",\"Helvetica\",\"Arial\",\"sans-serif\",\"Apple Color Emoji\",\"Segoe UI Emoji\\\", \\\"Segoe UI Symbol\"],\"src\":[],\"weight\":300},\"bold\":{\"name\":\"bold\",\"family\":[\"-apple-system\",\"BlinkMacSystemFont\",\"Segoe UI\",\"Roboto\",\"Helvetica\",\"Arial\",\"sans-serif\",\"Apple Color Emoji\",\"Segoe UI Emoji\\\", \\\"Segoe UI Symbol\"],\"src\":[],\"weight\":700}}},\"base\":\"https:\\\/\\\/martinalechner.at\\\/musicalundmehr\\\/wp-content\\\/plugins\\\/podlove-web-player\\\/web-player\\\/\"}}]);\n                podlovePlayer(player, \"https:\/\/martinalechner.at\/musicalundmehr\/wp-json\/podlove-web-player\/shortcode\/publisher\/539\", \"https:\/\/martinalechner.at\/musicalundmehr\/wp-json\/podlove-web-player\/shortcode\/config\/default\/theme\/default\").then(function() {\n                  player && player.classList.remove(\"podlove-web-player-loading\");\n                });\n              });\n            <\/script>\n            <style>\n              .podlove-web-player.podlove-web-player-loading {\n                opacity: 0;\n              }\n            <\/style>\n        \n    <div>\n        \n    <\/div>\n        \t            <div style=\"clear: both; padding-top: 50px\">\n            <h4><b>Mitwirkende<\/b><\/h4>\n            \n\n\t<div class=\"podlove-contributors-cards\">\n\t\t\t\t\t\n\t\t\t\t<div class=\"podlove-contributors-card\">\n\t\t\t\t\t<div class=\"podlove-contributors-card-inner\">\n\t\t\t\t\t\t<div class=\"podlove-contributors-card-avatar\">\n\t\t\t\t\t\t\t\n<img loading=\"lazy\" decoding=\"async\" alt=\"avatar\" width=\"50\" height=\"50\" src=\"https:\/\/martinalechner.at\/musicalundmehr\/wp-content\/uploads\/sites\/2\/2018\/08\/IMG_20180809_224150-1-e1541459138853.jpg\"\/>\n\n\t\t\t\t\t\t<\/div>\n\t\t\t\t\t\t<div class=\"podlove-contributors-card-person\">\n\t\t\t\t\t\t\t<div style=\"align-self: center\">\n\t\t\t\t\t\t\t\t<div style=\"font-weight: 400;\">Martina Lechner<\/div>\n\t\t\t\t\t\t\t\t\t\t\t\t\t\t\t<\/div>\n\t\t\t\t\t\t\t<div class=\"podlove-contributors-card-services\">\n\t\t\t\t\t\t\t\t\t\t\t\t\t\t\t\t\t<a class=\"podlove-contributors-card-services-service\" target=\"_blank\" title=\"Instagram\" href=\"https:\/\/instagram.com\/musicalundmehr\">\n\t\t\t\t\t\t\t\t\t\t\n<img decoding=\"async\" alt=\"Instagram Icon\" width=\"20\" src=\"https:\/\/martinalechner.at\/musicalundmehr\/wp-content\/plugins\/podlove-podcasting-plugin-for-wordpress\/lib\/modules\/social\/images\/icons\/instagram.png\"\/>\n\n\t\t\t\t\t\t\t\t\t<\/a>\n\t\t\t\t\t\t\t\t\t\t\t\t\t\t\t\t\t<a class=\"podlove-contributors-card-services-service\" target=\"_blank\" title=\"Facebook\" href=\"https:\/\/facebook.com\/martina.lechner.96\">\n\t\t\t\t\t\t\t\t\t\t\n<img decoding=\"async\" alt=\"Facebook Icon\" width=\"20\" src=\"https:\/\/martinalechner.at\/musicalundmehr\/wp-content\/plugins\/podlove-podcasting-plugin-for-wordpress\/lib\/modules\/social\/images\/icons\/facebook.png\"\/>\n\n\t\t\t\t\t\t\t\t\t<\/a>\n\t\t\t\t\t\t\t\t\t\t\t\t\t\t\t\t\t<a class=\"podlove-contributors-card-services-service\" target=\"_blank\" title=\"Soundcloud\" href=\"https:\/\/soundcloud.com\/user-195397528\">\n\t\t\t\t\t\t\t\t\t\t\n<img decoding=\"async\" alt=\"Soundcloud Icon\" width=\"20\" src=\"https:\/\/martinalechner.at\/musicalundmehr\/wp-content\/plugins\/podlove-podcasting-plugin-for-wordpress\/lib\/modules\/social\/images\/icons\/soundcloud.png\"\/>\n\n\t\t\t\t\t\t\t\t\t<\/a>\n\t\t\t\t\t\t\t\t\t\t\t\t\t\t\t\t\t<a class=\"podlove-contributors-card-services-service\" target=\"_blank\" title=\"YouTube (Channel)\" href=\"https:\/\/www.youtube.com\/channel\/UCHwMZXpj3BYfi_1ciJ13dxw\">\n\t\t\t\t\t\t\t\t\t\t\n<img decoding=\"async\" alt=\"YouTube (Channel) Icon\" width=\"20\" src=\"https:\/\/martinalechner.at\/musicalundmehr\/wp-content\/plugins\/podlove-podcasting-plugin-for-wordpress\/lib\/modules\/social\/images\/icons\/youtube.png\"\/>\n\n\t\t\t\t\t\t\t\t\t<\/a>\n\t\t\t\t\t\t\t\t\t\t\t\t\t\t\t\t\t\t\t\t\t\t\t<\/div>\n\t\t\t\t\t\t<\/div>\n\t\t\t\t\t<\/div>\n\t\t\t\t<\/div>\n\n\t\t\t\t\t\t\t\t\n\t\t\t\t<div class=\"podlove-contributors-card\">\n\t\t\t\t\t<div class=\"podlove-contributors-card-inner\">\n\t\t\t\t\t\t<div class=\"podlove-contributors-card-avatar\">\n\t\t\t\t\t\t\t\n<img loading=\"lazy\" decoding=\"async\" alt=\"avatar\" width=\"50\" height=\"50\" src=\"https:\/\/martinalechner.at\/musicalundmehr\/wp-content\/uploads\/sites\/2\/2019\/10\/IMG_20191017_150435-e1571425612419.png\"\/>\n\n\t\t\t\t\t\t<\/div>\n\t\t\t\t\t\t<div class=\"podlove-contributors-card-person\">\n\t\t\t\t\t\t\t<div style=\"align-self: center\">\n\t\t\t\t\t\t\t\t<div style=\"font-weight: 400;\">Christopher T\u00f6lle<\/div>\n\t\t\t\t\t\t\t\t\t\t\t\t\t\t\t<\/div>\n\t\t\t\t\t\t\t<div class=\"podlove-contributors-card-services\">\n\t\t\t\t\t\t\t\t\t\t\t\t\t\t\t\t\t<a class=\"podlove-contributors-card-services-service\" target=\"_blank\" title=\"Instagram\" href=\"https:\/\/instagram.com\/christophertoelle\">\n\t\t\t\t\t\t\t\t\t\t\n<img decoding=\"async\" alt=\"Instagram Icon\" width=\"20\" src=\"https:\/\/martinalechner.at\/musicalundmehr\/wp-content\/plugins\/podlove-podcasting-plugin-for-wordpress\/lib\/modules\/social\/images\/icons\/instagram.png\"\/>\n\n\t\t\t\t\t\t\t\t\t<\/a>\n\t\t\t\t\t\t\t\t\t\t\t\t\t\t\t\t\t\t\t\t\t\t\t<\/div>\n\t\t\t\t\t\t<\/div>\n\t\t\t\t\t<\/div>\n\t\t\t\t<\/div>\n\n\t\t\t\t\t\t<\/div>\n\n\t<style>\n\t\t.podlove-contributors-cards {\n\t\t\tmargin-bottom: 1rem;\n\t\t\tbackground: white;\n\t\t\toverflow: hidden;\n\t\t\tborder-radius: 0.375rem;\n\t\t\tbox-shadow: 0 1px 3px 0 rgba(0, 0, 0, 0.1), 0 1px 2px 0 rgba(0, 0, 0, 0.06);\n\t\t}\n\t\t.podlove-contributors-card {\n\t\t\tdisplay: flex;\n\t\t\talign-items: center;\n\t\t\tpadding: 1rem 1.5rem\n\t\t}\n\t\t.podlove-contributors-card-inner {\n\t\t\tdisplay: flex;\n\t\t\talign-items: center;\n\t\t\tflex: 1 1 0;\n\t\t\tmin-width: 0;\n\t\t}\n\t\t.podlove-contributors-card-avatar {\n\t\t\twidth: 50px;\n\t\t\theight: 50px;\n\t\t\tborder-radius: 0.25rem;\n\t\t\toverflow: hidden;\n\t\t\tflex-shrink: 0;\n\t\t}\n\t\t.podlove-contributors-card-person {\n\t\t\tflex: 1 1 0;\n\t\t\tmin-width: 0;\n\t\t\tpadding: 0 1rem;\n\t\t\tdisplay: grid;\n\t\t\tgrid-template-columns: repeat(2, minmax(0, 1fr));\n\t\t\tgap: 1rem;\n\t\t}\n\t\t.podlove-contributors-card-person-details {\n\t\t\tcolor: #999\n\t\t}\n\t\t.podlove-contributors-card-services {\n\t\t\tflex-wrap: wrap;\n\t\t\tdisplay: flex;\n\t\t\talign-items: center;\n\t\t\talign-content: center;\n\t\t\tjustify-content: flex-end;\n\t\t}\n\t\t.podlove-contributors-card-services-service {\n\t\t\tdisplay: inline-block;\n\t\t\tflex-shrink: 0;\n\t\t\tpadding-left: 0.5rem;\n\t\t\ttext-decoration: none;\n\t\t\tbox-shadow: none;\n\t\t}\n\t<\/style>\n\n\n        <\/div>\n    <br\/>\n<h4 class=\"wp-block-heading\">Biografie<\/h4>\n\n\n\n<p>Mit dem Abschluss der Dreharbeiten zum Kinofilm Ich war noch niemals in New York im Juni diesen Jahres, mit Heike Makatsch, Katharina Thalbach, Moritz Bleibtreu und Uwe Ochsenknecht &nbsp;in den Hauptrollen, &nbsp;beendet Christopher T\u00f6lle eine seiner gr\u00f6\u00dften und wichtigsten Arbeiten als Choreograf.&nbsp;Direkt im Anschluss inszenierte und choreografierte er f\u00fcr die Freilichtspiele Schw\u00e4bisch Hall das Tanzmusical Saturday Night Fever. Im Moment bereitet er sich auf seine Regiearbeit zu Jaques Offenbachs Operette Pariser Leben f\u00fcr die Landesb\u00fchne Sachsen vor.<\/p>\n\n\n\n<p>&nbsp;Mit der Premiere von La Cage aux Folles am Staatstheater Mainz 2017, bei dem Christopher T\u00f6lle Regie und Choreografie verantwortete, erf\u00fcllte sich sein Traum von einer sehr aktuellen, zeitgem\u00e4\u00dfen Inszenierung dieses B\u00fchnenklassikers. Nach der Choreografie f\u00fcr Maria ihm schmeckt\u2019s nicht bei den Freilichtspielen Schw\u00e4bisch Hall und der darauf folgenden Tourneeproduktion Hairspray war dies seine dritte gro\u00dfe Produktion im letzten Jahr, bevor es im Dezember an die Wiederaufnahmeproben des gro\u00dfen Erfolgs Frau Luna im Tipi am Kanzleramt in Berlin ging.&nbsp;<\/p>\n\n\n\n<p>&nbsp;In den letzten Jahren entwickelte er eine Vielzahl von Choreografien f\u00fcr zahlreiche deutschsprachige Theater und Produktionsfirmen sowie f\u00fcr Film, Fernsehen und Events. Sein Regiedeb\u00fct feierte Christopher T\u00f6lle 2016 mit Der kleine Horrorladen am Pfalztheater Kaiserslautern. Im gleichen Jahr entwickelte er die Choreografie f\u00fcr Frau Luna im Tipi am Kanzleramt Berlin, Doris Day am Schlossparktheater Berlin und Sugar &#8211; Mansche m\u00f6gens hei\u00df bei den Thuner Seespielen.&nbsp;<\/p>\n\n\n\n<p>Dazu geh\u00f6ren ausserdem West Side Story an der Oper Wuppertal, Cabaret am Staatstheater Darmstadt, Elton Johns Aida in Thun sowie die weltweit erste freie Open-Air-Inszenierung von Disneys Die Sch\u00f6ne und das Biest in Magdeburg. Bei der Welturauff\u00fchrung f\u00fcr Tell &#8211; Das Musical in Walenstadt\/ Schweiz \u00fcbernahm er zus\u00e4tzlich zur Choreografie kurz vor der Premiere auch die Regie.<\/p>\n\n\n\n<p>Zu Christopher T\u00f6lles weiteren Arbeiten z\u00e4hlen Choreografien am Pfalztheater Kaiserslautern mit dem Wei\u00dfen R\u00f6ssl und der Weltpremiere der Rockoper von Everyman, Cabaret im Zeltpalast Merzig, H\u00f6chste Zeit am Theater am Kurf\u00fcrstendamm, Sally &amp; Fred am Wintergarten Variet\u00e9 Berlin &nbsp;sowie West Side Story und Jesus Christ Superstar bei den Thuner Seespielen.<\/p>\n\n\n\n<p>In Merzig bei La Cage aux Folles war er neben der Choreografie auch f\u00fcr die Co- Regie verantwortlich.<\/p>\n\n\n\n<p>&nbsp;Mit der Staatsoperette Dresden kam es bereits f\u00fcnf mal zu einer erfolgreichen Zusammenarbeit: Mit Cole Porters Kiss me Kate, dem Zauberer von OZ, der Kurt Weill Europapremiere Viel L\u00e4rm um Liebe und den Leh\u00e0r Operetten Giuditta und Der Zarewitsch zeigte er hier seine Vielseitigkeit im Umgang verschiedenster Stile des Tanzes im Musiktheater.<\/p>\n\n\n\n<p>Vor seinem Schaffen als Choreograf und Regisseur blickt Christopher T\u00f6lle, an der Stella Academy &nbsp;Hamburg ausgebildet, auf eine 15 j\u00e4hrige Karriere als Musicaldarsteller in zahlreichen St\u00fccken auf den unterschiedlichsten B\u00fchnen zur\u00fcck. Unter anderem im Theater Neue Flora Hamburg in Roman Polanskis Tanz der Vampire, am Theater des Westens in Der Schuh des Manitu, am Operettenhaus Hamburg und am Apollo Theater Stuttgart in Udo J\u00fcrgens Ich war noch niemals in New York, der Stage Entertainment Best of Musical Gala, Anything Goes, West Side Story, Jesus Christ Superstar, A Chorus Line oder der Rocky Horror Show.<\/p>\n\n\n\n<p>Christopher T\u00f6lle lebt in Berlin und arbeitet europaweit.&nbsp;<\/p>\n\n\n\n<h4 class=\"wp-block-heading\">Links<\/h4>\n\n\n\n<p><a href=\"http:\/\/www.christophertoelle.com\">www.christophertoelle.com<\/a><\/p>\n\n\n\n<h4 class=\"wp-block-heading\">Copyrights<\/h4>\n\n\n\n<p>Musik:\u00a0Latch\u00e9 Swing &#8211; Menilmontant CC BY NC SA<br>Foto:\u00a0Christopher T\u00f6lle<\/p>\n","protected":false},"author":2,"featured_media":0,"comment_status":"closed","ping_status":"closed","template":"","meta":{"footnotes":""},"tags":[],"class_list":["post-539","podcast","type-podcast","status-publish","post"],"_links":{"self":[{"href":"https:\/\/martinalechner.at\/musicalundmehr\/wp-json\/wp\/v2\/episodes\/539","targetHints":{"allow":["GET"]}}],"collection":[{"href":"https:\/\/martinalechner.at\/musicalundmehr\/wp-json\/wp\/v2\/episodes"}],"about":[{"href":"https:\/\/martinalechner.at\/musicalundmehr\/wp-json\/wp\/v2\/types\/podcast"}],"author":[{"embeddable":true,"href":"https:\/\/martinalechner.at\/musicalundmehr\/wp-json\/wp\/v2\/users\/2"}],"replies":[{"embeddable":true,"href":"https:\/\/martinalechner.at\/musicalundmehr\/wp-json\/wp\/v2\/comments?post=539"}],"version-history":[{"count":5,"href":"https:\/\/martinalechner.at\/musicalundmehr\/wp-json\/wp\/v2\/episodes\/539\/revisions"}],"predecessor-version":[{"id":568,"href":"https:\/\/martinalechner.at\/musicalundmehr\/wp-json\/wp\/v2\/episodes\/539\/revisions\/568"}],"wp:attachment":[{"href":"https:\/\/martinalechner.at\/musicalundmehr\/wp-json\/wp\/v2\/media?parent=539"}],"wp:term":[{"taxonomy":"post_tag","embeddable":true,"href":"https:\/\/martinalechner.at\/musicalundmehr\/wp-json\/wp\/v2\/tags?post=539"}],"curies":[{"name":"wp","href":"https:\/\/api.w.org\/{rel}","templated":true}]}}