{"id":558,"date":"2019-11-17T00:01:04","date_gmt":"2019-11-16T23:01:04","guid":{"rendered":"podlove-2019-10-26t15:04:41+00:00-72460153506dbd1"},"modified":"2019-11-22T12:49:05","modified_gmt":"2019-11-22T11:49:05","slug":"mm017-insight-mit-joern-winkel","status":"publish","type":"podcast","link":"https:\/\/martinalechner.at\/musicalundmehr\/mm017-insight-mit-joern-winkel\/","title":{"rendered":"MM017 Insight mit Joern Hinkel"},"content":{"rendered":"<h3><b><\/b><\/h3>\n<br\/>\t\t\n            <div class=\"podlove-web-player intrinsic-ignore podlove-web-player-loading\" id=\"player-69f20ebe1bdb0\"><root data-test=\"player--xl\" style=\"max-width:950px;min-width:260px;\">\n  <div class=\"tablet:px-6 tablet:pt-6 mobile:px-4 mobile:pt-4 flex flex-col\">\n    <div class=\"flex-col items-center mobile:flex tablet:hidden\">\n      <show-title class=\"text-sm\"><\/show-title>\n      <episode-title class=\"text-base mb-2\"><\/episode-title>\n      <subscribe-button class=\"mb-4 mobile:flex tablet:hidden\"><\/subscribe-button>\n      <poster class=\"rounded-sm w-48 shadow overflow-hidden\"><\/poster>\n      <divider class=\"w-full my-6\"><\/divider>\n    <\/div>\n\n    <div class=\"tablet:flex flex-grow\">\n      <div class=\"w-64 mobile:hidden tablet:block tablet:mr-6\">\n        <poster class=\"rounded-sm shadow overflow-hidden\"><\/poster>\n      <\/div>\n      <div class=\"w-full\">\n        <div class=\"hidden tablet:block\">\n          <show-title class=\"text-base\"><\/show-title>\n          <episode-title class=\"text-xl desktop:text-2xl\"><\/episode-title>\n          <divider class=\"w-full my-4\"><\/divider>\n        <\/div>\n        <div class=\"flex items-center justify-between\">\n          <div class=\"block\">\n            <play-state on=\"active\">\n              <speed-control class=\"flex items-center\"><\/speed-control>\n            <\/play-state>\n          <\/div>\n\n          <div class=\"flex\">\n            <play-state on=\"active\">\n              <chapter-previous class=\"mx-2 block\"><\/chapter-previous>\n            <\/play-state>\n            <play-state on=\"active\">\n              <step-backward class=\"mx-2 block\"><\/step-backward>\n            <\/play-state>\n\n            <play-button class=\"mx-2 block\" :label=\"$t('PLAYER.PLAY_EPISODE')\"><\/play-button>\n\n            <play-state on=\"active\">\n              <step-forward class=\"mx-2 block\"><\/step-forward>\n            <\/play-state>\n            <play-state on=\"active\">\n              <chapter-next class=\"mx-2 block\"><\/chapter-next>\n            <\/play-state>\n          <\/div>\n\n          <div class=\"block\">\n            <play-state on=\"active\">\n              <volume-control class=\"flex items-center\"><\/volume-control>\n            <\/play-state>\n          <\/div>\n        <\/div>\n        <div class=\"flex w-full\">\n          <progress-bar><\/progress-bar>\n        <\/div>\n        <div class=\"flex w-full -mt-2\">\n          <div class=\"w-3\/12 text-left\">\n            <timer-current class=\"text-sm\"><\/timer-current>\n          <\/div>\n          <div class=\"w-6\/12 text-center truncate\">\n            <play-state on=\"active\">\n              <current-chapter class=\"text-sm\"><\/current-chapter>\n            <\/play-state>\n          <\/div>\n          <div class=\"w-3\/12 text-right\">\n            <timer-duration class=\"text-sm\"><\/timer-duration>\n          <\/div>\n        <\/div>\n      <\/div>\n    <\/div>\n    <divider class=\"w-full mt-6 mb-3\"><\/divider>\n    <div class=\"flex justify-between\">\n      <div class=\"flex mobile:w-full tablet:w-3\/12 desktop:w-3\/12 justify-between\">\n        <tab-trigger tab=\"chapters\">\n          <icon type=\"chapter\"><\/icon>\n        <\/tab-trigger>\n        <tab-trigger tab=\"transcripts\">\n          <icon type=\"transcripts\"><\/icon>\n        <\/tab-trigger>\n        <tab-trigger tab=\"files\">\n          <icon type=\"download\"><\/icon>\n        <\/tab-trigger>\n        <tab-trigger tab=\"playlist\">\n          <icon type=\"playlist\"><\/icon>\n        <\/tab-trigger>\n        <tab-trigger tab=\"share\">\n          <icon type=\"share\"><\/icon>\n        <\/tab-trigger>\n      <\/div>\n      <subscribe-button class=\"mt-1 mobile:hidden tablet:flex\"><\/subscribe-button>\n    <\/div>\n  <\/div>\n  <div class=\"w-full relative overflow-hidden\">\n    <tab name=\"chapters\">\n      <tab-chapters><\/tab-chapters>\n    <\/tab>\n    <tab name=\"transcripts\">\n      <tab-transcripts><\/tab-transcripts>\n    <\/tab>\n    <tab name=\"files\">\n      <tab-files><\/tab-files>\n    <\/tab>\n    <tab name=\"playlist\">\n      <tab-playlist><\/tab-playlist>\n    <\/tab>\n    <tab name=\"share\">\n      <tab-share><\/tab-share>\n    <\/tab>\n    <tab-overflow><\/tab-overflow>\n  <\/div>\n  <error><\/error>\n<\/root>\n<\/div>\n            <script>\n              document.addEventListener(\"DOMContentLoaded\", function() {\n                var player = document.getElementById(\"player-69f20ebe1bdb0\");\n                podlovePlayerCache.add([{\"url\":\"https:\\\/\\\/martinalechner.at\\\/musicalundmehr\\\/wp-json\\\/podlove-web-player\\\/shortcode\\\/publisher\\\/558\",\"data\":{\"version\":5,\"show\":{\"title\":\"Musical & mehr ...\",\"subtitle\":\"Gute Darsteller, gute Menschen, gute Gr\\u00fcnde! Gespr\\u00e4che mit K\\u00fcnstlern aus der Welt des Musicals!\",\"summary\":\"Musicaldarstellerin Martina Lechner hat sich f\\u00fcr die erste Staffel ihres Musicalpodcast \\u2013 Projekts mit 12 Kollegen zum Gespr\\u00e4ch getroffen, um zu erfahren, wie diese ihren Weg auf die B\\u00fchne gefunden haben. Alle 12 sind aus zahlreichen deutschsprachigen Stadt- und Stage Entertainment Theatern bekannt, aber nicht nur das - sie alle haben ein ganz besonderes Thema, Projekt, oder eine Passion, die sie gerne mit ihren H\\u00f6rern teilen wollen.\",\"poster\":\"https:\\\/\\\/martinalechner.at\\\/musicalundmehr\\\/wp-content\\\/uploads\\\/sites\\\/2\\\/2019\\\/12\\\/Logo_2.png\",\"link\":\"https:\\\/\\\/martinalechner.at\\\/musicalundmehr\"},\"title\":\"MM017 Insight mit Joern Hinkel\",\"subtitle\":\"\",\"summary\":\"\",\"publicationDate\":\"2019-11-17T00:01:04+01:00\",\"duration\":\"00:51:07.370\",\"poster\":\"https:\\\/\\\/martinalechner.at\\\/musicalundmehr\\\/wp-content\\\/uploads\\\/sites\\\/2\\\/2019\\\/11\\\/ded25be8-0dca-45a7-acd6-8f846c986e24.jpg\",\"link\":\"https:\\\/\\\/martinalechner.at\\\/musicalundmehr\\\/mm017-insight-mit-joern-winkel\\\/\",\"chapters\":[{\"start\":\"00:00:00.000\",\"title\":\"Hallo\",\"href\":\"\",\"image\":\"\"},{\"start\":\"00:01:00.000\",\"title\":\"Die Nibelungen in Bad Hersfeld\",\"href\":\"\",\"image\":\"\"},{\"start\":\"00:03:00.000\",\"title\":\"Hair heute - eine neue Generation findet ihre Stimme\",\"href\":\"\",\"image\":\"\"},{\"start\":\"00:07:38.000\",\"title\":\"Was ist ein Intendant?\",\"href\":\"\",\"image\":\"\"},{\"start\":\"00:10:06.000\",\"title\":\"B\\u00fcrgerinitiative - Bad Hersfelder Festspiele\",\"href\":\"\",\"image\":\"\"},{\"start\":\"00:11:55.000\",\"title\":\"Kampf der Bequemlichkeit\",\"href\":\"\",\"image\":\"\"},{\"start\":\"00:15:28.000\",\"title\":\"Interaktion, Kindertheater und B\\u00fcrgerb\\u00fchne\",\"href\":\"\",\"image\":\"\"},{\"start\":\"00:18:18.000\",\"title\":\"Der Kapit\\u00e4n des Theaterschiffs\",\"href\":\"\",\"image\":\"\"},{\"start\":\"00:20:38.000\",\"title\":\"Wissen ist Macht, nichts wissen auch\",\"href\":\"\",\"image\":\"\"},{\"start\":\"00:23:27.000\",\"title\":\"Festspiele Betrieb\",\"href\":\"\",\"image\":\"\"},{\"start\":\"00:25:22.000\",\"title\":\"Wie suchst du die passenden St\\u00fccke aus?\",\"href\":\"\",\"image\":\"\"},{\"start\":\"00:28:10.000\",\"title\":\"Heimat, Stolz und Volksverst\\u00e4ndnis\",\"href\":\"\",\"image\":\"\"},{\"start\":\"00:33:42.000\",\"title\":\"Experimente und Entscheidungen\",\"href\":\"\",\"image\":\"\"},{\"start\":\"00:35:18.000\",\"title\":\"Musical Emanzipation\",\"href\":\"\",\"image\":\"\"},{\"start\":\"00:39:31.000\",\"title\":\"Ansteckende Zuversicht\",\"href\":\"\",\"image\":\"\"},{\"start\":\"00:41:23.000\",\"title\":\"Musical Entwicklung in Bad Hersfeld\",\"href\":\"\",\"image\":\"\"},{\"start\":\"00:45:23.000\",\"title\":\"Die \\u00c4ra Joern Hinkel\",\"href\":\"\",\"image\":\"\"},{\"start\":\"00:50:15.000\",\"title\":\"Und was kommt jetzt?\",\"href\":\"\",\"image\":\"\"}],\"audio\":[{\"url\":\"https:\\\/\\\/martinalechner.at\\\/musicalundmehr\\\/podlove\\\/file\\\/326\\\/s\\\/webplayer\\\/c\\\/website\\\/MM017-joern-hinkel.m4a\",\"size\":\"75585054\",\"title\":\"MPEG-4 AAC Audio (m4a)\",\"mimeType\":\"audio\\\/mp4\"},{\"url\":\"https:\\\/\\\/martinalechner.at\\\/musicalundmehr\\\/podlove\\\/file\\\/324\\\/s\\\/webplayer\\\/c\\\/website\\\/MM017-joern-hinkel.mp3\",\"size\":\"73716522\",\"title\":\"MP3 Audio (mp3)\",\"mimeType\":\"audio\\\/mpeg\"}],\"files\":[{\"url\":\"https:\\\/\\\/martinalechner.at\\\/musicalundmehr\\\/podlove\\\/file\\\/324\\\/s\\\/webplayer\\\/MM017-joern-hinkel.mp3\",\"size\":\"73716522\",\"title\":\"MP3 Audio\",\"mimeType\":\"audio\\\/mpeg\"},{\"url\":\"https:\\\/\\\/martinalechner.at\\\/musicalundmehr\\\/podlove\\\/file\\\/326\\\/s\\\/webplayer\\\/MM017-joern-hinkel.m4a\",\"size\":\"75585054\",\"title\":\"MPEG-4 AAC Audio\",\"mimeType\":\"audio\\\/mp4\"},{\"url\":\"https:\\\/\\\/martinalechner.at\\\/musicalundmehr\\\/podlove\\\/file\\\/325\\\/s\\\/webplayer\\\/MM017-joern-hinkel.jpg\",\"size\":\"253725\",\"title\":\"JPEG Image\",\"mimeType\":\"image\\\/jpeg\"}],\"contributors\":[{\"id\":\"4\",\"name\":\"Martina Lechner\",\"avatar\":\"https:\\\/\\\/martinalechner.at\\\/musicalundmehr\\\/wp-content\\\/uploads\\\/sites\\\/2\\\/2018\\\/08\\\/IMG_20180809_224150-1-e1541459138853.jpg\",\"role\":{\"id\":\"1\",\"slug\":\"moderation\",\"title\":\"Moderation\"},\"group\":{\"id\":\"1\",\"slug\":\"onair\",\"title\":\"On Air\"},\"comment\":null},{\"id\":\"23\",\"name\":\"J\\u00f6rn Hinkel\",\"avatar\":\"https:\\\/\\\/martinalechner.at\\\/musicalundmehr\\\/wp-content\\\/uploads\\\/sites\\\/2\\\/2019\\\/11\\\/IMG_20191116_142328-e1671488101736.png\",\"role\":{\"id\":\"2\",\"slug\":\"gast\",\"title\":\"Gast\"},\"group\":{\"id\":\"1\",\"slug\":\"onair\",\"title\":\"On Air\"},\"comment\":null}]}}, {\"url\":\"https:\\\/\\\/martinalechner.at\\\/musicalundmehr\\\/wp-json\\\/podlove-web-player\\\/shortcode\\\/config\\\/default\\\/theme\\\/default\",\"data\":{\"activeTab\":\"chapters\",\"subscribe-button\":null,\"share\":{\"channels\":[\"facebook\",\"twitter\",\"whats-app\",\"linkedin\",\"pinterest\",\"xing\",\"mail\",\"link\"],\"outlet\":\"https:\\\/\\\/martinalechner.at\\\/musicalundmehr\\\/wp-content\\\/plugins\\\/podlove-web-player\\\/web-player\\\/share.html\",\"sharePlaytime\":true},\"related-episodes\":{\"source\":\"disabled\",\"value\":null},\"version\":5,\"theme\":{\"tokens\":{\"brand\":\"#E64415\",\"brandDark\":\"#235973\",\"brandDarkest\":\"#1A3A4A\",\"brandLightest\":\"#E9F1F5\",\"shadeDark\":\"#807E7C\",\"shadeBase\":\"#807E7C\",\"contrast\":\"#000\",\"alt\":\"#fff\"},\"fonts\":{\"ci\":{\"name\":\"ci\",\"family\":[\"-apple-system\",\"BlinkMacSystemFont\",\"Segoe UI\",\"Roboto\",\"Helvetica\",\"Arial\",\"sans-serif\",\"Apple Color Emoji\",\"Segoe UI Emoji\\\", \\\"Segoe UI Symbol\"],\"src\":[],\"weight\":800},\"regular\":{\"name\":\"regular\",\"family\":[\"-apple-system\",\"BlinkMacSystemFont\",\"Segoe UI\",\"Roboto\",\"Helvetica\",\"Arial\",\"sans-serif\",\"Apple Color Emoji\",\"Segoe UI Emoji\\\", \\\"Segoe UI Symbol\"],\"src\":[],\"weight\":300},\"bold\":{\"name\":\"bold\",\"family\":[\"-apple-system\",\"BlinkMacSystemFont\",\"Segoe UI\",\"Roboto\",\"Helvetica\",\"Arial\",\"sans-serif\",\"Apple Color Emoji\",\"Segoe UI Emoji\\\", \\\"Segoe UI Symbol\"],\"src\":[],\"weight\":700}}},\"base\":\"https:\\\/\\\/martinalechner.at\\\/musicalundmehr\\\/wp-content\\\/plugins\\\/podlove-web-player\\\/web-player\\\/\"}}]);\n                podlovePlayer(player, \"https:\/\/martinalechner.at\/musicalundmehr\/wp-json\/podlove-web-player\/shortcode\/publisher\/558\", \"https:\/\/martinalechner.at\/musicalundmehr\/wp-json\/podlove-web-player\/shortcode\/config\/default\/theme\/default\").then(function() {\n                  player && player.classList.remove(\"podlove-web-player-loading\");\n                });\n              });\n            <\/script>\n            <style>\n              .podlove-web-player.podlove-web-player-loading {\n                opacity: 0;\n              }\n            <\/style>\n        \n    <div>\n        \n    <\/div>\n        \t            <div style=\"clear: both; padding-top: 50px\">\n            <h4><b>Mitwirkende<\/b><\/h4>\n            \n\n\t<div class=\"podlove-contributors-cards\">\n\t\t\t\t\t\n\t\t\t\t<div class=\"podlove-contributors-card\">\n\t\t\t\t\t<div class=\"podlove-contributors-card-inner\">\n\t\t\t\t\t\t<div class=\"podlove-contributors-card-avatar\">\n\t\t\t\t\t\t\t\n<img loading=\"lazy\" decoding=\"async\" alt=\"avatar\" width=\"50\" height=\"50\" src=\"https:\/\/martinalechner.at\/musicalundmehr\/wp-content\/uploads\/sites\/2\/2018\/08\/IMG_20180809_224150-1-e1541459138853.jpg\"\/>\n\n\t\t\t\t\t\t<\/div>\n\t\t\t\t\t\t<div class=\"podlove-contributors-card-person\">\n\t\t\t\t\t\t\t<div style=\"align-self: center\">\n\t\t\t\t\t\t\t\t<div style=\"font-weight: 400;\">Martina Lechner<\/div>\n\t\t\t\t\t\t\t\t\t\t\t\t\t\t\t<\/div>\n\t\t\t\t\t\t\t<div class=\"podlove-contributors-card-services\">\n\t\t\t\t\t\t\t\t\t\t\t\t\t\t\t\t\t<a class=\"podlove-contributors-card-services-service\" target=\"_blank\" title=\"Instagram\" href=\"https:\/\/instagram.com\/musicalundmehr\">\n\t\t\t\t\t\t\t\t\t\t\n<img decoding=\"async\" alt=\"Instagram Icon\" width=\"20\" src=\"https:\/\/martinalechner.at\/musicalundmehr\/wp-content\/plugins\/podlove-podcasting-plugin-for-wordpress\/lib\/modules\/social\/images\/icons\/instagram.png\"\/>\n\n\t\t\t\t\t\t\t\t\t<\/a>\n\t\t\t\t\t\t\t\t\t\t\t\t\t\t\t\t\t<a class=\"podlove-contributors-card-services-service\" target=\"_blank\" title=\"Facebook\" href=\"https:\/\/facebook.com\/martina.lechner.96\">\n\t\t\t\t\t\t\t\t\t\t\n<img decoding=\"async\" alt=\"Facebook Icon\" width=\"20\" src=\"https:\/\/martinalechner.at\/musicalundmehr\/wp-content\/plugins\/podlove-podcasting-plugin-for-wordpress\/lib\/modules\/social\/images\/icons\/facebook.png\"\/>\n\n\t\t\t\t\t\t\t\t\t<\/a>\n\t\t\t\t\t\t\t\t\t\t\t\t\t\t\t\t\t<a class=\"podlove-contributors-card-services-service\" target=\"_blank\" title=\"Soundcloud\" href=\"https:\/\/soundcloud.com\/user-195397528\">\n\t\t\t\t\t\t\t\t\t\t\n<img decoding=\"async\" alt=\"Soundcloud Icon\" width=\"20\" src=\"https:\/\/martinalechner.at\/musicalundmehr\/wp-content\/plugins\/podlove-podcasting-plugin-for-wordpress\/lib\/modules\/social\/images\/icons\/soundcloud.png\"\/>\n\n\t\t\t\t\t\t\t\t\t<\/a>\n\t\t\t\t\t\t\t\t\t\t\t\t\t\t\t\t\t<a class=\"podlove-contributors-card-services-service\" target=\"_blank\" title=\"YouTube (Channel)\" href=\"https:\/\/www.youtube.com\/channel\/UCHwMZXpj3BYfi_1ciJ13dxw\">\n\t\t\t\t\t\t\t\t\t\t\n<img decoding=\"async\" alt=\"YouTube (Channel) Icon\" width=\"20\" src=\"https:\/\/martinalechner.at\/musicalundmehr\/wp-content\/plugins\/podlove-podcasting-plugin-for-wordpress\/lib\/modules\/social\/images\/icons\/youtube.png\"\/>\n\n\t\t\t\t\t\t\t\t\t<\/a>\n\t\t\t\t\t\t\t\t\t\t\t\t\t\t\t\t\t\t\t\t\t\t\t<\/div>\n\t\t\t\t\t\t<\/div>\n\t\t\t\t\t<\/div>\n\t\t\t\t<\/div>\n\n\t\t\t\t\t\t\t\t\n\t\t\t\t<div class=\"podlove-contributors-card\">\n\t\t\t\t\t<div class=\"podlove-contributors-card-inner\">\n\t\t\t\t\t\t<div class=\"podlove-contributors-card-avatar\">\n\t\t\t\t\t\t\t\n<img loading=\"lazy\" decoding=\"async\" alt=\"avatar\" width=\"50\" height=\"50\" src=\"https:\/\/martinalechner.at\/musicalundmehr\/wp-content\/uploads\/sites\/2\/2019\/11\/IMG_20191116_142328-e1671488101736.png\"\/>\n\n\t\t\t\t\t\t<\/div>\n\t\t\t\t\t\t<div class=\"podlove-contributors-card-person\">\n\t\t\t\t\t\t\t<div style=\"align-self: center\">\n\t\t\t\t\t\t\t\t<div style=\"font-weight: 400;\">J\u00f6rn Hinkel<\/div>\n\t\t\t\t\t\t\t\t\t\t\t\t\t\t\t<\/div>\n\t\t\t\t\t\t\t<div class=\"podlove-contributors-card-services\">\n\t\t\t\t\t\t\t\t\t\t\t\t\t\t\t\t\t<a class=\"podlove-contributors-card-services-service\" target=\"_blank\" title=\"Instagram\" href=\"https:\/\/instagram.com\/Joernhinkel\">\n\t\t\t\t\t\t\t\t\t\t\n<img decoding=\"async\" alt=\"Instagram Icon\" width=\"20\" src=\"https:\/\/martinalechner.at\/musicalundmehr\/wp-content\/plugins\/podlove-podcasting-plugin-for-wordpress\/lib\/modules\/social\/images\/icons\/instagram.png\"\/>\n\n\t\t\t\t\t\t\t\t\t<\/a>\n\t\t\t\t\t\t\t\t\t\t\t\t\t\t\t\t\t\t\t\t\t\t\t<\/div>\n\t\t\t\t\t\t<\/div>\n\t\t\t\t\t<\/div>\n\t\t\t\t<\/div>\n\n\t\t\t\t\t\t<\/div>\n\n\t<style>\n\t\t.podlove-contributors-cards {\n\t\t\tmargin-bottom: 1rem;\n\t\t\tbackground: white;\n\t\t\toverflow: hidden;\n\t\t\tborder-radius: 0.375rem;\n\t\t\tbox-shadow: 0 1px 3px 0 rgba(0, 0, 0, 0.1), 0 1px 2px 0 rgba(0, 0, 0, 0.06);\n\t\t}\n\t\t.podlove-contributors-card {\n\t\t\tdisplay: flex;\n\t\t\talign-items: center;\n\t\t\tpadding: 1rem 1.5rem\n\t\t}\n\t\t.podlove-contributors-card-inner {\n\t\t\tdisplay: flex;\n\t\t\talign-items: center;\n\t\t\tflex: 1 1 0;\n\t\t\tmin-width: 0;\n\t\t}\n\t\t.podlove-contributors-card-avatar {\n\t\t\twidth: 50px;\n\t\t\theight: 50px;\n\t\t\tborder-radius: 0.25rem;\n\t\t\toverflow: hidden;\n\t\t\tflex-shrink: 0;\n\t\t}\n\t\t.podlove-contributors-card-person {\n\t\t\tflex: 1 1 0;\n\t\t\tmin-width: 0;\n\t\t\tpadding: 0 1rem;\n\t\t\tdisplay: grid;\n\t\t\tgrid-template-columns: repeat(2, minmax(0, 1fr));\n\t\t\tgap: 1rem;\n\t\t}\n\t\t.podlove-contributors-card-person-details {\n\t\t\tcolor: #999\n\t\t}\n\t\t.podlove-contributors-card-services {\n\t\t\tflex-wrap: wrap;\n\t\t\tdisplay: flex;\n\t\t\talign-items: center;\n\t\t\talign-content: center;\n\t\t\tjustify-content: flex-end;\n\t\t}\n\t\t.podlove-contributors-card-services-service {\n\t\t\tdisplay: inline-block;\n\t\t\tflex-shrink: 0;\n\t\t\tpadding-left: 0.5rem;\n\t\t\ttext-decoration: none;\n\t\t\tbox-shadow: none;\n\t\t}\n\t<\/style>\n\n\n        <\/div>\n    <br\/>\n<h4 class=\"wp-block-heading\">Biografie<\/h4>\n\n\n\n<p>Hinkel studierte an der Bayerischen Theaterakademie Opern- und Theaterregie bei&nbsp;<a href=\"https:\/\/de.m.wikipedia.org\/wiki\/August_Everding\">August Everding<\/a>, er inszenierte zahlreiche Opern, Theaterst\u00fccke, aber auch Kurz- und Dokumentarfilme.<\/p>\n\n\n\n<p>1995 wurde er Lehrbeauftragter f\u00fcr Schauspiel an der Bayerischen Theaterakademie, im gleichen Jahr inszeniert er&nbsp;<em><a href=\"https:\/\/de.m.wikipedia.org\/wiki\/Leonce_und_Lena\">Leonce und Lena<\/a><\/em>&nbsp;am M\u00fcnchner Prinzregententheater. Seit dem Jahr 2000 arbeitete er mit Regisseur&nbsp;<a href=\"https:\/\/de.m.wikipedia.org\/wiki\/Dieter_Wedel\">Dieter Wedel<\/a>zusammen, f\u00fcr den ZDF-Mehrteiler&nbsp;<em><a href=\"https:\/\/de.m.wikipedia.org\/wiki\/Die_Aff%C3%A4re_Semmeling\">Die Aff\u00e4re Semmeling<\/a><\/em>, den Zweiteiler&nbsp;<em><a href=\"https:\/\/de.m.wikipedia.org\/wiki\/Papa_und_Mama\">Papa und Mama<\/a><\/em>, den Film&nbsp;<em><a href=\"https:\/\/de.m.wikipedia.org\/wiki\/Mein_alter_Freund_Fritz\">Mein alter Freund Fritz<\/a><\/em>&nbsp;und den ARD-Zweiteiler&nbsp;<em><a href=\"https:\/\/de.m.wikipedia.org\/wiki\/Gier_(2010)\">Gier<\/a><\/em>&nbsp;war er als Regie-Assistent t\u00e4tig. Auch w\u00e4hrend der&nbsp;<a href=\"https:\/\/de.m.wikipedia.org\/wiki\/Nibelungen-Festspiele\">Nibelungen-Festspiele<\/a>&nbsp;und der&nbsp;<a href=\"https:\/\/de.m.wikipedia.org\/wiki\/Bad_Hersfelder_Festspiele\">Bad Hersfelder Festspiele<\/a>unterst\u00fctzte er Regisseur Dieter Wedel bei den&nbsp;<a href=\"https:\/\/de.m.wikipedia.org\/wiki\/Regiebuch\">B\u00fcchern<\/a>, der Auswahl der Schauspieler und in den Inszenierungen.<\/p>\n\n\n\n<p>Daneben setzte der Berliner auch seine eigenen Film- und Theaterprojekte um, so drehte er 2006 f\u00fcr den Bayerischen Rundfunk den Dokumentarfilm&nbsp;<em><a href=\"https:\/\/de.m.wikipedia.org\/w\/index.php?title=German_Cowboy&amp;action=edit&amp;redlink=1\">German Cowboy<\/a><\/em>, eine Deutschlandreise zu Pferd von Berlin nach M\u00fcnchen.<\/p>\n\n\n\n<p>Immer wieder ist er auch als Schauspieler zu sehen, so in&nbsp;<em>Mein alter Freund Fritz<\/em>&nbsp;als intriganten Krankenhausmitarbeiter Simon. W\u00e4hrend der Nibelungenfestspiele und der Dresdner Zwingerfestspiele stand er ebenfalls in verschiedenen Rollen auf der B\u00fchne. F\u00fcr seinen Kurzfilm&nbsp;<em>Alle Tage wieder<\/em>&nbsp;erhielt er 2011 den Ersten Preis der Landeszentrale f\u00fcr Politische Bildung Rheinland-Pfalz, f\u00fcr seinen Imagefilm&nbsp;<em>Eine Stadt \u2013 Tausend Welten<\/em>&nbsp;den Ersten Preis der Internationalen Tourismusb\u00f6rse 2014.<\/p>\n\n\n\n<p>Seit 2015 ist Hinkel f\u00fcr die&nbsp;<a href=\"https:\/\/de.m.wikipedia.org\/wiki\/Bad_Hersfelder_Festspiele\">Bad Hersfelder Festspiele<\/a>&nbsp;t\u00e4tig. Hier inszenierte er&nbsp;<em><a href=\"https:\/\/de.m.wikipedia.org\/wiki\/Krabat_(Sage)\">Krabat<\/a><\/em>&nbsp;in der Stiftsruine und&nbsp;<em><a href=\"https:\/\/de.m.wikipedia.org\/wiki\/Ein_Sommernachtstraum\">Sommernachts-Tr\u00e4umereien<\/a><\/em>&nbsp;auf einer Spielwiese vor der Stiftsruine. Sein Ensemble von Krabat erhielt 2016 den Hersfeld-Preis der Kritiker f\u00fcr diese besondere Leitung und Inszenierung.<\/p>\n\n\n\n<p>Mit dem Verein Sommernachtstr\u00e4umer e.V. f\u00f6rdert er Kinder und Jugendliche in Bad Hersfeld und der Region.<\/p>\n\n\n\n<p>Im Sommer 2018 inszenierte er im Schloss Eichhof&nbsp;<a href=\"https:\/\/de.m.wikipedia.org\/wiki\/Indien\">Indien<\/a>&nbsp;von&nbsp;<a href=\"https:\/\/de.m.wikipedia.org\/wiki\/Josef_Hader\">Josef Hader<\/a>&nbsp;und Alfred Dorfer. Seit Ende Januar 2018 ist er Intendant der Bad Hersfelder Festspiele, zuvor war er der Stellvertreter des Intendanten.<\/p>\n\n\n\n<h4 class=\"wp-block-heading\">Copyrights<\/h4>\n\n\n\n<p>Musik:&nbsp;Latch\u00e9 Swing &#8211; Menilmontant CC BY NC SA<\/p>\n","protected":false},"author":2,"featured_media":0,"comment_status":"closed","ping_status":"closed","template":"","meta":{"footnotes":""},"tags":[],"class_list":["post-558","podcast","type-podcast","status-publish","post"],"_links":{"self":[{"href":"https:\/\/martinalechner.at\/musicalundmehr\/wp-json\/wp\/v2\/episodes\/558","targetHints":{"allow":["GET"]}}],"collection":[{"href":"https:\/\/martinalechner.at\/musicalundmehr\/wp-json\/wp\/v2\/episodes"}],"about":[{"href":"https:\/\/martinalechner.at\/musicalundmehr\/wp-json\/wp\/v2\/types\/podcast"}],"author":[{"embeddable":true,"href":"https:\/\/martinalechner.at\/musicalundmehr\/wp-json\/wp\/v2\/users\/2"}],"replies":[{"embeddable":true,"href":"https:\/\/martinalechner.at\/musicalundmehr\/wp-json\/wp\/v2\/comments?post=558"}],"version-history":[{"count":7,"href":"https:\/\/martinalechner.at\/musicalundmehr\/wp-json\/wp\/v2\/episodes\/558\/revisions"}],"predecessor-version":[{"id":581,"href":"https:\/\/martinalechner.at\/musicalundmehr\/wp-json\/wp\/v2\/episodes\/558\/revisions\/581"}],"wp:attachment":[{"href":"https:\/\/martinalechner.at\/musicalundmehr\/wp-json\/wp\/v2\/media?parent=558"}],"wp:term":[{"taxonomy":"post_tag","embeddable":true,"href":"https:\/\/martinalechner.at\/musicalundmehr\/wp-json\/wp\/v2\/tags?post=558"}],"curies":[{"name":"wp","href":"https:\/\/api.w.org\/{rel}","templated":true}]}}