{"id":626,"date":"2020-04-01T00:01:00","date_gmt":"2020-03-31T22:01:00","guid":{"rendered":"podlove-2020-03-30t08:10:22+00:00-a1c0075e4abc385"},"modified":"2020-03-30T21:42:47","modified_gmt":"2020-03-30T19:42:47","slug":"mm022-jan-ammann","status":"publish","type":"podcast","link":"https:\/\/martinalechner.at\/musicalundmehr\/mm022-jan-ammann\/","title":{"rendered":"MM022 Jan Ammann"},"content":{"rendered":"<h3><b>Becoming Jan Ammann \u2013 Gesangshandwerker<\/b><\/h3>\n<br\/>\t\t\n            <div class=\"podlove-web-player intrinsic-ignore podlove-web-player-loading\" id=\"player-69f20ed47a0b1\"><root data-test=\"player--xl\" style=\"max-width:950px;min-width:260px;\">\n  <div class=\"tablet:px-6 tablet:pt-6 mobile:px-4 mobile:pt-4 flex flex-col\">\n    <div class=\"flex-col items-center mobile:flex tablet:hidden\">\n      <show-title class=\"text-sm\"><\/show-title>\n      <episode-title class=\"text-base mb-2\"><\/episode-title>\n      <subscribe-button class=\"mb-4 mobile:flex tablet:hidden\"><\/subscribe-button>\n      <poster class=\"rounded-sm w-48 shadow overflow-hidden\"><\/poster>\n      <divider class=\"w-full my-6\"><\/divider>\n    <\/div>\n\n    <div class=\"tablet:flex flex-grow\">\n      <div class=\"w-64 mobile:hidden tablet:block tablet:mr-6\">\n        <poster class=\"rounded-sm shadow overflow-hidden\"><\/poster>\n      <\/div>\n      <div class=\"w-full\">\n        <div class=\"hidden tablet:block\">\n          <show-title class=\"text-base\"><\/show-title>\n          <episode-title class=\"text-xl desktop:text-2xl\"><\/episode-title>\n          <divider class=\"w-full my-4\"><\/divider>\n        <\/div>\n        <div class=\"flex items-center justify-between\">\n          <div class=\"block\">\n            <play-state on=\"active\">\n              <speed-control class=\"flex items-center\"><\/speed-control>\n            <\/play-state>\n          <\/div>\n\n          <div class=\"flex\">\n            <play-state on=\"active\">\n              <chapter-previous class=\"mx-2 block\"><\/chapter-previous>\n            <\/play-state>\n            <play-state on=\"active\">\n              <step-backward class=\"mx-2 block\"><\/step-backward>\n            <\/play-state>\n\n            <play-button class=\"mx-2 block\" :label=\"$t('PLAYER.PLAY_EPISODE')\"><\/play-button>\n\n            <play-state on=\"active\">\n              <step-forward class=\"mx-2 block\"><\/step-forward>\n            <\/play-state>\n            <play-state on=\"active\">\n              <chapter-next class=\"mx-2 block\"><\/chapter-next>\n            <\/play-state>\n          <\/div>\n\n          <div class=\"block\">\n            <play-state on=\"active\">\n              <volume-control class=\"flex items-center\"><\/volume-control>\n            <\/play-state>\n          <\/div>\n        <\/div>\n        <div class=\"flex w-full\">\n          <progress-bar><\/progress-bar>\n        <\/div>\n        <div class=\"flex w-full -mt-2\">\n          <div class=\"w-3\/12 text-left\">\n            <timer-current class=\"text-sm\"><\/timer-current>\n          <\/div>\n          <div class=\"w-6\/12 text-center truncate\">\n            <play-state on=\"active\">\n              <current-chapter class=\"text-sm\"><\/current-chapter>\n            <\/play-state>\n          <\/div>\n          <div class=\"w-3\/12 text-right\">\n            <timer-duration class=\"text-sm\"><\/timer-duration>\n          <\/div>\n        <\/div>\n      <\/div>\n    <\/div>\n    <divider class=\"w-full mt-6 mb-3\"><\/divider>\n    <div class=\"flex justify-between\">\n      <div class=\"flex mobile:w-full tablet:w-3\/12 desktop:w-3\/12 justify-between\">\n        <tab-trigger tab=\"chapters\">\n          <icon type=\"chapter\"><\/icon>\n        <\/tab-trigger>\n        <tab-trigger tab=\"transcripts\">\n          <icon type=\"transcripts\"><\/icon>\n        <\/tab-trigger>\n        <tab-trigger tab=\"files\">\n          <icon type=\"download\"><\/icon>\n        <\/tab-trigger>\n        <tab-trigger tab=\"playlist\">\n          <icon type=\"playlist\"><\/icon>\n        <\/tab-trigger>\n        <tab-trigger tab=\"share\">\n          <icon type=\"share\"><\/icon>\n        <\/tab-trigger>\n      <\/div>\n      <subscribe-button class=\"mt-1 mobile:hidden tablet:flex\"><\/subscribe-button>\n    <\/div>\n  <\/div>\n  <div class=\"w-full relative overflow-hidden\">\n    <tab name=\"chapters\">\n      <tab-chapters><\/tab-chapters>\n    <\/tab>\n    <tab name=\"transcripts\">\n      <tab-transcripts><\/tab-transcripts>\n    <\/tab>\n    <tab name=\"files\">\n      <tab-files><\/tab-files>\n    <\/tab>\n    <tab name=\"playlist\">\n      <tab-playlist><\/tab-playlist>\n    <\/tab>\n    <tab name=\"share\">\n      <tab-share><\/tab-share>\n    <\/tab>\n    <tab-overflow><\/tab-overflow>\n  <\/div>\n  <error><\/error>\n<\/root>\n<\/div>\n            <script>\n              document.addEventListener(\"DOMContentLoaded\", function() {\n                var player = document.getElementById(\"player-69f20ed47a0b1\");\n                podlovePlayerCache.add([{\"url\":\"https:\\\/\\\/martinalechner.at\\\/musicalundmehr\\\/wp-json\\\/podlove-web-player\\\/shortcode\\\/publisher\\\/626\",\"data\":{\"version\":5,\"show\":{\"title\":\"Musical & mehr ...\",\"subtitle\":\"Gute Darsteller, gute Menschen, gute Gr\\u00fcnde! Gespr\\u00e4che mit K\\u00fcnstlern aus der Welt des Musicals!\",\"summary\":\"Musicaldarstellerin Martina Lechner hat sich f\\u00fcr die erste Staffel ihres Musicalpodcast \\u2013 Projekts mit 12 Kollegen zum Gespr\\u00e4ch getroffen, um zu erfahren, wie diese ihren Weg auf die B\\u00fchne gefunden haben. Alle 12 sind aus zahlreichen deutschsprachigen Stadt- und Stage Entertainment Theatern bekannt, aber nicht nur das - sie alle haben ein ganz besonderes Thema, Projekt, oder eine Passion, die sie gerne mit ihren H\\u00f6rern teilen wollen.\",\"poster\":\"https:\\\/\\\/martinalechner.at\\\/musicalundmehr\\\/wp-content\\\/uploads\\\/sites\\\/2\\\/2019\\\/12\\\/Logo_2.png\",\"link\":\"https:\\\/\\\/martinalechner.at\\\/musicalundmehr\"},\"title\":\"MM022 Jan Ammann\",\"subtitle\":\"Becoming Jan Ammann \\u2013 Gesangshandwerker\",\"summary\":\"\",\"publicationDate\":\"2020-04-01T00:01:00+02:00\",\"duration\":\"01:11:27.330\",\"poster\":\"https:\\\/\\\/martinalechner.at\\\/musicalundmehr\\\/wp-content\\\/uploads\\\/sites\\\/2\\\/2020\\\/03\\\/inCollage_20200330_151108664.jpg\",\"link\":\"https:\\\/\\\/martinalechner.at\\\/musicalundmehr\\\/mm022-jan-ammann\\\/\",\"chapters\":[{\"start\":\"00:00:00.000\",\"title\":\"Intro\",\"href\":\"\",\"image\":\"\"},{\"start\":\"00:01:00.000\",\"title\":\"Melonen und andere Leckerein\",\"href\":\"\",\"image\":\"\"},{\"start\":\"00:03:40.000\",\"title\":\"Stimmf\\u00e4cher und Heimkonzerte\",\"href\":\"\",\"image\":\"\"},{\"start\":\"00:08:46.000\",\"title\":\"\\u00dcben - mit Anlauf auf die Fresse\",\"href\":\"\",\"image\":\"\"},{\"start\":\"00:11:58.000\",\"title\":\"Gesangshandwerker\",\"href\":\"\",\"image\":\"\"},{\"start\":\"00:15:59.000\",\"title\":\"Waldorfschule\",\"href\":\"\",\"image\":\"\"},{\"start\":\"00:19:23.000\",\"title\":\"Schicksal und Vertrauen\",\"href\":\"\",\"image\":\"\"},{\"start\":\"00:25:10.000\",\"title\":\"Operngesangsstudium\",\"href\":\"\",\"image\":\"\"},{\"start\":\"00:29:30.000\",\"title\":\"Der K\\u00f6nig geht nach Hollywood\",\"href\":\"\",\"image\":\"\"},{\"start\":\"00:35:05.000\",\"title\":\"Ludwig hoch 2\",\"href\":\"\",\"image\":\"\"},{\"start\":\"00:38:45.000\",\"title\":\"Workethic\",\"href\":\"\",\"image\":\"\"},{\"start\":\"00:44:58.000\",\"title\":\"Going Solo\",\"href\":\"\",\"image\":\"\"},{\"start\":\"00:49:42.000\",\"title\":\"Schatten und Licht\",\"href\":\"\",\"image\":\"\"},{\"start\":\"00:55:04.000\",\"title\":\"Kulinarischer Ausgleich\",\"href\":\"\",\"image\":\"\"},{\"start\":\"00:56:57.000\",\"title\":\"Sexualit\\u00e4t\",\"href\":\"\",\"image\":\"\"},{\"start\":\"01:04:58.000\",\"title\":\"4 Fragen zum Schluss\",\"href\":\"\",\"image\":\"\"},{\"start\":\"01:10:43.000\",\"title\":\"Next Time\",\"href\":\"\",\"image\":\"\"}],\"audio\":[{\"url\":\"https:\\\/\\\/martinalechner.at\\\/musicalundmehr\\\/podlove\\\/file\\\/352\\\/s\\\/webplayer\\\/c\\\/website\\\/MM022-jan-ammann.m4a\",\"size\":\"105096731\",\"title\":\"MPEG-4 AAC Audio (m4a)\",\"mimeType\":\"audio\\\/mp4\"},{\"url\":\"https:\\\/\\\/martinalechner.at\\\/musicalundmehr\\\/podlove\\\/file\\\/351\\\/s\\\/webplayer\\\/c\\\/website\\\/MM022-jan-ammann.mp3\",\"size\":\"102945868\",\"title\":\"MP3 Audio (mp3)\",\"mimeType\":\"audio\\\/mpeg\"}],\"files\":[{\"url\":\"https:\\\/\\\/martinalechner.at\\\/musicalundmehr\\\/podlove\\\/file\\\/351\\\/s\\\/webplayer\\\/MM022-jan-ammann.mp3\",\"size\":\"102945868\",\"title\":\"MP3 Audio\",\"mimeType\":\"audio\\\/mpeg\"},{\"url\":\"https:\\\/\\\/martinalechner.at\\\/musicalundmehr\\\/podlove\\\/file\\\/352\\\/s\\\/webplayer\\\/MM022-jan-ammann.m4a\",\"size\":\"105096731\",\"title\":\"MPEG-4 AAC Audio\",\"mimeType\":\"audio\\\/mp4\"},{\"url\":\"https:\\\/\\\/martinalechner.at\\\/musicalundmehr\\\/podlove\\\/file\\\/353\\\/s\\\/webplayer\\\/MM022-jan-ammann.jpg\",\"size\":\"170879\",\"title\":\"JPEG Image\",\"mimeType\":\"image\\\/jpeg\"}],\"contributors\":[{\"id\":\"4\",\"name\":\"Martina Lechner\",\"avatar\":\"https:\\\/\\\/martinalechner.at\\\/musicalundmehr\\\/wp-content\\\/uploads\\\/sites\\\/2\\\/2018\\\/08\\\/IMG_20180809_224150-1-e1541459138853.jpg\",\"role\":{\"id\":\"1\",\"slug\":\"moderation\",\"title\":\"Moderation\"},\"group\":{\"id\":\"1\",\"slug\":\"onair\",\"title\":\"On Air\"},\"comment\":null},{\"id\":\"27\",\"name\":\"Jan Ammann\",\"avatar\":\"https:\\\/\\\/martinalechner.at\\\/musicalundmehr\\\/wp-content\\\/uploads\\\/sites\\\/2\\\/2020\\\/03\\\/IMG-20200330-WA0000-e1671487974785.jpg\",\"role\":{\"id\":\"2\",\"slug\":\"gast\",\"title\":\"Gast\"},\"group\":{\"id\":\"1\",\"slug\":\"onair\",\"title\":\"On Air\"},\"comment\":null}]}}, {\"url\":\"https:\\\/\\\/martinalechner.at\\\/musicalundmehr\\\/wp-json\\\/podlove-web-player\\\/shortcode\\\/config\\\/default\\\/theme\\\/default\",\"data\":{\"activeTab\":\"chapters\",\"subscribe-button\":null,\"share\":{\"channels\":[\"facebook\",\"twitter\",\"whats-app\",\"linkedin\",\"pinterest\",\"xing\",\"mail\",\"link\"],\"outlet\":\"https:\\\/\\\/martinalechner.at\\\/musicalundmehr\\\/wp-content\\\/plugins\\\/podlove-web-player\\\/web-player\\\/share.html\",\"sharePlaytime\":true},\"related-episodes\":{\"source\":\"disabled\",\"value\":null},\"version\":5,\"theme\":{\"tokens\":{\"brand\":\"#E64415\",\"brandDark\":\"#235973\",\"brandDarkest\":\"#1A3A4A\",\"brandLightest\":\"#E9F1F5\",\"shadeDark\":\"#807E7C\",\"shadeBase\":\"#807E7C\",\"contrast\":\"#000\",\"alt\":\"#fff\"},\"fonts\":{\"ci\":{\"name\":\"ci\",\"family\":[\"-apple-system\",\"BlinkMacSystemFont\",\"Segoe UI\",\"Roboto\",\"Helvetica\",\"Arial\",\"sans-serif\",\"Apple Color Emoji\",\"Segoe UI Emoji\\\", \\\"Segoe UI Symbol\"],\"src\":[],\"weight\":800},\"regular\":{\"name\":\"regular\",\"family\":[\"-apple-system\",\"BlinkMacSystemFont\",\"Segoe UI\",\"Roboto\",\"Helvetica\",\"Arial\",\"sans-serif\",\"Apple Color Emoji\",\"Segoe UI Emoji\\\", \\\"Segoe UI Symbol\"],\"src\":[],\"weight\":300},\"bold\":{\"name\":\"bold\",\"family\":[\"-apple-system\",\"BlinkMacSystemFont\",\"Segoe UI\",\"Roboto\",\"Helvetica\",\"Arial\",\"sans-serif\",\"Apple Color Emoji\",\"Segoe UI Emoji\\\", \\\"Segoe UI Symbol\"],\"src\":[],\"weight\":700}}},\"base\":\"https:\\\/\\\/martinalechner.at\\\/musicalundmehr\\\/wp-content\\\/plugins\\\/podlove-web-player\\\/web-player\\\/\"}}]);\n                podlovePlayer(player, \"https:\/\/martinalechner.at\/musicalundmehr\/wp-json\/podlove-web-player\/shortcode\/publisher\/626\", \"https:\/\/martinalechner.at\/musicalundmehr\/wp-json\/podlove-web-player\/shortcode\/config\/default\/theme\/default\").then(function() {\n                  player && player.classList.remove(\"podlove-web-player-loading\");\n                });\n              });\n            <\/script>\n            <style>\n              .podlove-web-player.podlove-web-player-loading {\n                opacity: 0;\n              }\n            <\/style>\n        \n    <div>\n        \n    <\/div>\n        \t            <div style=\"clear: both; padding-top: 50px\">\n            <h4><b>Mitwirkende<\/b><\/h4>\n            \n\n\t<div class=\"podlove-contributors-cards\">\n\t\t\t\t\t\n\t\t\t\t<div class=\"podlove-contributors-card\">\n\t\t\t\t\t<div class=\"podlove-contributors-card-inner\">\n\t\t\t\t\t\t<div class=\"podlove-contributors-card-avatar\">\n\t\t\t\t\t\t\t\n<img loading=\"lazy\" decoding=\"async\" alt=\"avatar\" width=\"50\" height=\"50\" src=\"https:\/\/martinalechner.at\/musicalundmehr\/wp-content\/uploads\/sites\/2\/2018\/08\/IMG_20180809_224150-1-e1541459138853.jpg\"\/>\n\n\t\t\t\t\t\t<\/div>\n\t\t\t\t\t\t<div class=\"podlove-contributors-card-person\">\n\t\t\t\t\t\t\t<div style=\"align-self: center\">\n\t\t\t\t\t\t\t\t<div style=\"font-weight: 400;\">Martina Lechner<\/div>\n\t\t\t\t\t\t\t\t\t\t\t\t\t\t\t<\/div>\n\t\t\t\t\t\t\t<div class=\"podlove-contributors-card-services\">\n\t\t\t\t\t\t\t\t\t\t\t\t\t\t\t\t\t<a class=\"podlove-contributors-card-services-service\" target=\"_blank\" title=\"Instagram\" href=\"https:\/\/instagram.com\/musicalundmehr\">\n\t\t\t\t\t\t\t\t\t\t\n<img decoding=\"async\" alt=\"Instagram Icon\" width=\"20\" src=\"https:\/\/martinalechner.at\/musicalundmehr\/wp-content\/plugins\/podlove-podcasting-plugin-for-wordpress\/lib\/modules\/social\/images\/icons\/instagram.png\"\/>\n\n\t\t\t\t\t\t\t\t\t<\/a>\n\t\t\t\t\t\t\t\t\t\t\t\t\t\t\t\t\t<a class=\"podlove-contributors-card-services-service\" target=\"_blank\" title=\"Facebook\" href=\"https:\/\/facebook.com\/martina.lechner.96\">\n\t\t\t\t\t\t\t\t\t\t\n<img decoding=\"async\" alt=\"Facebook Icon\" width=\"20\" src=\"https:\/\/martinalechner.at\/musicalundmehr\/wp-content\/plugins\/podlove-podcasting-plugin-for-wordpress\/lib\/modules\/social\/images\/icons\/facebook.png\"\/>\n\n\t\t\t\t\t\t\t\t\t<\/a>\n\t\t\t\t\t\t\t\t\t\t\t\t\t\t\t\t\t<a class=\"podlove-contributors-card-services-service\" target=\"_blank\" title=\"Soundcloud\" href=\"https:\/\/soundcloud.com\/user-195397528\">\n\t\t\t\t\t\t\t\t\t\t\n<img decoding=\"async\" alt=\"Soundcloud Icon\" width=\"20\" src=\"https:\/\/martinalechner.at\/musicalundmehr\/wp-content\/plugins\/podlove-podcasting-plugin-for-wordpress\/lib\/modules\/social\/images\/icons\/soundcloud.png\"\/>\n\n\t\t\t\t\t\t\t\t\t<\/a>\n\t\t\t\t\t\t\t\t\t\t\t\t\t\t\t\t\t<a class=\"podlove-contributors-card-services-service\" target=\"_blank\" title=\"YouTube (Channel)\" href=\"https:\/\/www.youtube.com\/channel\/UCHwMZXpj3BYfi_1ciJ13dxw\">\n\t\t\t\t\t\t\t\t\t\t\n<img decoding=\"async\" alt=\"YouTube (Channel) Icon\" width=\"20\" src=\"https:\/\/martinalechner.at\/musicalundmehr\/wp-content\/plugins\/podlove-podcasting-plugin-for-wordpress\/lib\/modules\/social\/images\/icons\/youtube.png\"\/>\n\n\t\t\t\t\t\t\t\t\t<\/a>\n\t\t\t\t\t\t\t\t\t\t\t\t\t\t\t\t\t\t\t\t\t\t\t<\/div>\n\t\t\t\t\t\t<\/div>\n\t\t\t\t\t<\/div>\n\t\t\t\t<\/div>\n\n\t\t\t\t\t\t\t\t\n\t\t\t\t<div class=\"podlove-contributors-card\">\n\t\t\t\t\t<div class=\"podlove-contributors-card-inner\">\n\t\t\t\t\t\t<div class=\"podlove-contributors-card-avatar\">\n\t\t\t\t\t\t\t\n<img loading=\"lazy\" decoding=\"async\" alt=\"avatar\" width=\"50\" height=\"50\" src=\"https:\/\/martinalechner.at\/musicalundmehr\/wp-content\/uploads\/sites\/2\/2020\/03\/IMG-20200330-WA0000-e1671487974785.jpg\"\/>\n\n\t\t\t\t\t\t<\/div>\n\t\t\t\t\t\t<div class=\"podlove-contributors-card-person\">\n\t\t\t\t\t\t\t<div style=\"align-self: center\">\n\t\t\t\t\t\t\t\t<div style=\"font-weight: 400;\">Jan Ammann<\/div>\n\t\t\t\t\t\t\t\t\t\t\t\t\t\t\t<\/div>\n\t\t\t\t\t\t\t<div class=\"podlove-contributors-card-services\">\n\t\t\t\t\t\t\t\t\t\t\t\t\t\t\t\t\t<a class=\"podlove-contributors-card-services-service\" target=\"_blank\" title=\"Instagram\" href=\"https:\/\/instagram.com\/jan_ammann\">\n\t\t\t\t\t\t\t\t\t\t\n<img decoding=\"async\" alt=\"Instagram Icon\" width=\"20\" src=\"https:\/\/martinalechner.at\/musicalundmehr\/wp-content\/plugins\/podlove-podcasting-plugin-for-wordpress\/lib\/modules\/social\/images\/icons\/instagram.png\"\/>\n\n\t\t\t\t\t\t\t\t\t<\/a>\n\t\t\t\t\t\t\t\t\t\t\t\t\t\t\t\t\t<a class=\"podlove-contributors-card-services-service\" target=\"_blank\" title=\"Facebook\" href=\"https:\/\/facebook.com\/janammannofficalfanpage\">\n\t\t\t\t\t\t\t\t\t\t\n<img decoding=\"async\" alt=\"Facebook Icon\" width=\"20\" src=\"https:\/\/martinalechner.at\/musicalundmehr\/wp-content\/plugins\/podlove-podcasting-plugin-for-wordpress\/lib\/modules\/social\/images\/icons\/facebook.png\"\/>\n\n\t\t\t\t\t\t\t\t\t<\/a>\n\t\t\t\t\t\t\t\t\t\t\t\t\t\t\t\t\t\t\t\t\t\t\t<\/div>\n\t\t\t\t\t\t<\/div>\n\t\t\t\t\t<\/div>\n\t\t\t\t<\/div>\n\n\t\t\t\t\t\t<\/div>\n\n\t<style>\n\t\t.podlove-contributors-cards {\n\t\t\tmargin-bottom: 1rem;\n\t\t\tbackground: white;\n\t\t\toverflow: hidden;\n\t\t\tborder-radius: 0.375rem;\n\t\t\tbox-shadow: 0 1px 3px 0 rgba(0, 0, 0, 0.1), 0 1px 2px 0 rgba(0, 0, 0, 0.06);\n\t\t}\n\t\t.podlove-contributors-card {\n\t\t\tdisplay: flex;\n\t\t\talign-items: center;\n\t\t\tpadding: 1rem 1.5rem\n\t\t}\n\t\t.podlove-contributors-card-inner {\n\t\t\tdisplay: flex;\n\t\t\talign-items: center;\n\t\t\tflex: 1 1 0;\n\t\t\tmin-width: 0;\n\t\t}\n\t\t.podlove-contributors-card-avatar {\n\t\t\twidth: 50px;\n\t\t\theight: 50px;\n\t\t\tborder-radius: 0.25rem;\n\t\t\toverflow: hidden;\n\t\t\tflex-shrink: 0;\n\t\t}\n\t\t.podlove-contributors-card-person {\n\t\t\tflex: 1 1 0;\n\t\t\tmin-width: 0;\n\t\t\tpadding: 0 1rem;\n\t\t\tdisplay: grid;\n\t\t\tgrid-template-columns: repeat(2, minmax(0, 1fr));\n\t\t\tgap: 1rem;\n\t\t}\n\t\t.podlove-contributors-card-person-details {\n\t\t\tcolor: #999\n\t\t}\n\t\t.podlove-contributors-card-services {\n\t\t\tflex-wrap: wrap;\n\t\t\tdisplay: flex;\n\t\t\talign-items: center;\n\t\t\talign-content: center;\n\t\t\tjustify-content: flex-end;\n\t\t}\n\t\t.podlove-contributors-card-services-service {\n\t\t\tdisplay: inline-block;\n\t\t\tflex-shrink: 0;\n\t\t\tpadding-left: 0.5rem;\n\t\t\ttext-decoration: none;\n\t\t\tbox-shadow: none;\n\t\t}\n\t<\/style>\n\n\n        <\/div>\n    <br\/>\n<p><strong>BIOGRAPHIE<\/strong><\/p>\n\n\n\n<p>Noch w\u00e4hrend seines Studiums an der Hochschule f\u00fcr Musik und Theater M\u00fcnchen wurde er f\u00fcr die Titelrolle im F\u00fcssener Musical LUDWIG II. engagiert. Nach zwei weiteren Ausbildungsjahren in den USA, unter anderem am renommierten NOHO North Hollywood Acting Center in Los Angeles, spielte Jan Ammann auch in der Welturauff\u00fchrung von LUDWIG\u00b2 die Titelrolle. Zu den weiteren Stationen seiner Musicalkarriere geh\u00f6ren Hauptrollen in DIE SCH\u00d6NE UND DAS BIEST, MAR I CEL und WEST SIDE STORY, JEKYLL &amp; HYDE, TANZ DER VAMPIRE. Am 30. Oktober 2010 ver\u00f6ffentlichte Jan Ammann seine erste Solo-CD.  Das Album mit dem Titel &#8222;MUSICAL&#8220; reflektiert in 14 Songs Teile der bisherigen Karriere des S\u00e4ngers und Musicaldarstellers. Zusammen mit den Musicalstars Christian Alexander M\u00fcller, Mark Seibert und Patrick Stanke geh\u00f6rt Jan Ammann seit 2010 zu den Gr\u00fcndungs-mitgliedern der MUSICAL TENORS. Vom Oktober 2011 bis M\u00e4rz 2012 ging der Musicalstar mit seinem ersten Soloprogramm &#8222;LAMPENFIEBER&#8220; auf erfolgreiche Deutschlandtournee. Das ambitionierte Programm aus Musicaltiteln, Popsongs und Chansons beweist die gro\u00dfe Bandbreite des S\u00e4ngers und wurde von Presse und Zuschauern gleicherma\u00dfen bejubelt. Eine Ende 2012 ver\u00f6ffentlichte Live-Doppel-CD dokumentiert das Programm. 2012 war Jan Ammann im Stuttgarter Palladium-Theater in dem Musical REBECCA in der Rolle des Maxim de Winter zu sehen, bei den Bad Hersfelder Festspielen im Musical SHOWBOAT die Hauptrolle des Gaylord Ravenal. <br><br>Von November 2013 bis Februar 2014 stand der Bariton im Alten Schauspielhaus in Stuttgart in dem Musical VICTOR\/VICTORIA als King Marchand auf der B\u00fchne. Anschlie\u00dfend verk\u00f6rperte Jan Ammann von Juli 2014 bis einschlie\u00dflich Mai 2016 im Stage Apollo Theater in DISNEYS MUSICAL TARZAN die Rolle des Kerchak, bevor er zu seiner Paraderolle als Graf von Krolock zur\u00fcckgekehrte. Das Berliner Theater des Westens, das Deutsche Theater in M\u00fcnchen und das Stuttgarter Palladium Theater waren bis Mai 2017 Stationen f\u00fcr den TANZ DER VAMPIRE mit Jan Ammann als bissigem Vampirgrafen.  Auf der Freilichtb\u00fchne Tecklenburg feierte er Mitte 2017 eine weitere R\u00fcckkehr zu einer seiner gro\u00dfen Rollen als Maxim de Winter in REBECCA, wof\u00fcr er den begehrten Publikumspreis als bester Darsteller erhielt. Anschlie\u00dfend \u00fcbernahm er in F\u00fcssen erneut die Titelrolle im Musical LUDWIG\u00b2. Von Mitte Oktober bis Ende November 2017 trug Jan Ammann im Hamburger Stage Theater an der Elbe in TANZ DER VAMPIRE erneut den Vampirmantel des Grafen von Krolock.  Seit der Premiere der deutschsprachigen Erstauff\u00fchrung von DOKTOR SCHIWAGO im Januar 2018 an der Komischen Oper Leipzig feiert der vielseitige Darsteller gro\u00dfe Erfolge in der gleichnamigen Titelrolle. Im M\u00e4rz 2018 verk\u00f6rperte er am Theaterhaus Stuttgart die Rolle des Gerold im St\u00fcck DIE P\u00c4PSTIN. Seit Mai 2018 ist er erneut im F\u00fcssener Festspielhaus als Bayernk\u00f6nig in LUDWIG\u00b2 zu sehen. Ebenfalls in F\u00fcssen wird Jan Ammann im Oktober 2018 im Musical DER RING als Wotan und im Dezember 2018 als Gerold in DIE P\u00c4PSTIN auf der B\u00fchne des Festspielhauses zu sehen sein. Diese Rolle \u00fcbernimmt er im gleichen Monat zudem in der Gebl\u00e4sehalle Neunkirchen.  Neben seiner B\u00fchnent\u00e4tigkeit arbeitete Jan Ammann gemeinsam mit namhaften Textern und Komponisten an seiner neuen Solo-CD FARBENBLIND, die in 2014 ver\u00f6ffentlicht worden ist. Mit dem gleichnamigen Live-Programm tourte er in den Jahren 2014 und 2015 durch Deutschland. Sein im Oktober 2016 erschienenes Album WUNDER GESCHEHEN mit Musicalsongs \u00fcber das Leben und die Liebe wurde von Nico Gaiks renommierter Soundwerkstatt NGArts produziert. Die gleichnamige Tournee feierte 2017 und 2018 gro\u00dfartige Erfolge und endet mit einem Zusatzkonzert im November dieses Jahres. Seit Januar 2019 steht Jan Ammann mit seinem neuen Solo-Programm A MUSICAL LOVE STORY in verschiedenen deutschen St\u00e4dten sowie in Wien auf der B\u00fchne.<\/p>\n\n\n\n<p><\/p>\n\n\n\n<p><strong>LINKS<\/strong><br><a rel=\"noreferrer noopener\" aria-label=\" https:\/\/janammann.artandsoul.eu \n (\u00f6ffnet in neuem Tab)\" href=\"https:\/\/janammann.artandsoul.eu\" target=\"_blank\"> https:\/\/janammann.artandsoul.eu <\/a><\/p>\n\n\n\n<p><strong>COPYRIGHT:<\/strong><br>Foto: Karim Khawathmi<br>Musik: Latch\u00e9 Swing &#8211; Menilmontant<\/p>\n","protected":false},"author":2,"featured_media":0,"comment_status":"closed","ping_status":"closed","template":"","meta":{"footnotes":""},"tags":[],"class_list":["post-626","podcast","type-podcast","status-publish","post"],"_links":{"self":[{"href":"https:\/\/martinalechner.at\/musicalundmehr\/wp-json\/wp\/v2\/episodes\/626","targetHints":{"allow":["GET"]}}],"collection":[{"href":"https:\/\/martinalechner.at\/musicalundmehr\/wp-json\/wp\/v2\/episodes"}],"about":[{"href":"https:\/\/martinalechner.at\/musicalundmehr\/wp-json\/wp\/v2\/types\/podcast"}],"author":[{"embeddable":true,"href":"https:\/\/martinalechner.at\/musicalundmehr\/wp-json\/wp\/v2\/users\/2"}],"replies":[{"embeddable":true,"href":"https:\/\/martinalechner.at\/musicalundmehr\/wp-json\/wp\/v2\/comments?post=626"}],"version-history":[{"count":5,"href":"https:\/\/martinalechner.at\/musicalundmehr\/wp-json\/wp\/v2\/episodes\/626\/revisions"}],"predecessor-version":[{"id":637,"href":"https:\/\/martinalechner.at\/musicalundmehr\/wp-json\/wp\/v2\/episodes\/626\/revisions\/637"}],"wp:attachment":[{"href":"https:\/\/martinalechner.at\/musicalundmehr\/wp-json\/wp\/v2\/media?parent=626"}],"wp:term":[{"taxonomy":"post_tag","embeddable":true,"href":"https:\/\/martinalechner.at\/musicalundmehr\/wp-json\/wp\/v2\/tags?post=626"}],"curies":[{"name":"wp","href":"https:\/\/api.w.org\/{rel}","templated":true}]}}